{"id":798,"date":"2023-10-21T22:24:39","date_gmt":"2023-10-21T22:24:39","guid":{"rendered":"https:\/\/webredox.net\/demo\/wp\/patara\/?page_id=798"},"modified":"2025-03-19T09:32:13","modified_gmt":"2025-03-19T09:32:13","slug":"restaurant","status":"publish","type":"page","link":"https:\/\/familienhotelkaernten.at\/index.php\/restaurant\/","title":{"rendered":"Restaurant"},"content":{"rendered":"\t\t<div data-elementor-type=\"wp-page\" data-elementor-id=\"798\" class=\"elementor elementor-798\" data-elementor-post-type=\"page\">\n\t\t\t\t<div class=\"elementor-element elementor-element-42e9c5a2 e-con-full e-flex e-con e-parent\" data-id=\"42e9c5a2\" data-element_type=\"container\" data-e-type=\"container\">\n\t\t\t\t<div class=\"elementor-element elementor-element-56cdeef3 elementor-widget elementor-widget-patara-banner-slider\" data-id=\"56cdeef3\" data-element_type=\"widget\" data-e-type=\"widget\" id=\"restaurant\" data-widget_type=\"patara-banner-slider.default\">\n\t\t\t\t<div class=\"elementor-widget-container\">\n\t\t\t\t\t\t\t<header class=\"header slider-fade cd-intro-type-slider\">\n\t\t\t<div class=\"owl-carousel owl-theme\" data-carousel-autoplay=\"false\" data-carousel-speed=\"500\" data-carousel-timeout=\"5000\" data-carousel-nav=\"true\" data-rtl=\"false\" data-carousel-dots=\"false\" data-carousel-dots-mobile=\"false\" >\n\t\t\t\t<!-- The opacity on the image is made with \"data-overlay-dark=\"number\". You can change it using the numbers 0-9 -->\n\t\t\t\t\t\t\t\t\t\t\t\t<div class=\"text-center item bg-img bg-img-c\" data-overlay-dark=\"4\" data-background=\"https:\/\/familienhotelkaernten.at\/\/wp-content\/uploads\/2024\/07\/Trebesingerhof-259-scaled.jpg\">\n\t\t\t\t\n\t\t\t\t\t\t\t\t\t\t\t<div class=\"v-middle caption\">\n\t\t\t\t\t\t\t<div class=\"container\">\n\t\t\t\t\t\t\t\t<div class=\"row\">\n\t\t\t\t\t\t\t\t\t<div class=\"col-md-12 offset-0\">\n\t\t\t\t\t\t\t\t\t\t<div class=\"o-hidden\">\n\t\t\t\t\t\t\t\t\t\t    \t\t\t\t\t\t\t\t\t\t\t\n\t\t\t\t\t\t\t\t\t\t\t\t\t\t\t\t\t\t\t\t\t\t\n\t\t\t\t\t\t\t\t\t\t\t\t\t\t\t\t\t\t\t\t\t\t<h4 class=\"pt-slider-title1-class\">Willkommen im Trebesinger Hof<\/h4>\n\t\t\t\t\t\t\t\t\t\t\t\t\t\t\t\t\t\t\t\t\t\t\t\t\t\t\t\t\t\t\t\t\t<h1 class=\"pt-slider-title2-class\">Restaurant<\/h1>\n\t\t\t\t\t\t\t\t\t\t\t\t\t\t\t\t\t\t\t\t\t\t\t\t\t\t\t\t\t\t\t\t<\/div>\n\t\t\t\t\t\t\t\t\t<\/div>\n\t\t\t\t\t\t\t\t<\/div>\n\t\t\t\t\t\t\t<\/div>\n\t\t\t\t\t\t<\/div>\n\t\t\t\t\t\t\t\t\t<\/div>\n\t\t\t\t\t\t\t\t\t\t\t\t\t\t\t\t<div class=\"text-center item bg-img bg-img-c\" data-overlay-dark=\"4\" data-background=\"https:\/\/familienhotelkaernten.at\/\/wp-content\/uploads\/2024\/07\/Trebesingerhof-262-final-scaled.jpg\">\n\t\t\t\t\n\t\t\t\t\t\t\t\t\t<\/div>\n\t\t\t\t\t\t\t\t\t\t\t\t\t\t\t\t<div class=\"text-center item bg-img bg-img-c\" data-overlay-dark=\"4\" data-background=\"https:\/\/familienhotelkaernten.at\/\/wp-content\/uploads\/2024\/07\/Trebesingerhof-268-final-scaled.jpg\">\n\t\t\t\t\n\t\t\t\t\t\t\t\t\t<\/div>\n\t\t\t\t\t\t\t\t\t\t\t\t\t\t\t\t<div class=\"text-center item bg-img bg-img-c\" data-overlay-dark=\"4\" data-background=\"https:\/\/familienhotelkaernten.at\/\/wp-content\/uploads\/2024\/07\/Trebesingerhof-258-final-scaled.jpg\">\n\t\t\t\t\n\t\t\t\t\t\t\t\t\t<\/div>\n\t\t\t\t\t\t\t\t\t\t\t\t\t\t\t\t<div class=\"text-center item bg-img bg-img-c\" data-overlay-dark=\"4\" data-background=\"https:\/\/familienhotelkaernten.at\/\/wp-content\/uploads\/2024\/07\/Trebesingerhof-252-final-scaled.jpg\">\n\t\t\t\t\n\t\t\t\t\t\t\t\t\t<\/div>\n\t\t\t\t\t\t\t\t\t\t\t\t\t\t\t\t<div class=\"text-center item bg-img bg-img-c\" data-overlay-dark=\"4\" data-background=\"https:\/\/familienhotelkaernten.at\/\/wp-content\/uploads\/2024\/07\/Trebesingerhof-256-final-scaled.jpg\">\n\t\t\t\t\n\t\t\t\t\t\t\t\t\t<\/div>\n\t\t\t\t\t\t\t\t\t\t\t\t\t\t\t\t<div class=\"text-center item bg-img bg-img-c\" data-overlay-dark=\"4\" data-background=\"https:\/\/familienhotelkaernten.at\/\/wp-content\/uploads\/2024\/07\/Trebesingerhof-255-final-scaled.jpg\">\n\t\t\t\t\n\t\t\t\t\t\t\t\t\t<\/div>\n\t\t\t\t\t\t\t\t\t\t\t\t\t\t\t\t<div class=\"text-center item bg-img bg-img-c\" data-overlay-dark=\"4\" data-background=\"https:\/\/familienhotelkaernten.at\/\/wp-content\/uploads\/2024\/07\/Trebesingerhof-277-scaled.jpg\">\n\t\t\t\t\n\t\t\t\t\t\t\t\t\t<\/div>\n\t\t\t\t\t\t\t\t\t\t\t\t\n\t\t\t<\/div>\n        <\/header>\n\t\t\n\t\t        <!-- button scroll -->\n        <a href=\"#hours\" data-scroll-nav=\"1\" class=\"mouse smoothscroll\">\n            <span class=\"mouse-icon\">\n                <span class=\"mouse-wheel\"><\/span>\n            <\/span>\n        <\/a>\t\n\t\t\t\t\t\t\t\t\t\t<\/div>\n\t\t\t\t<\/div>\n\t\t\t\t<\/div>\n\t\t<div class=\"elementor-element elementor-element-64aa6c3f e-flex e-con-boxed e-con e-parent\" data-id=\"64aa6c3f\" data-element_type=\"container\" data-e-type=\"container\" id=\"hours\" data-settings=\"{&quot;background_background&quot;:&quot;classic&quot;}\">\n\t\t\t\t\t<div class=\"e-con-inner\">\n\t\t<div class=\"elementor-element elementor-element-443e71ec e-con-full e-flex e-con e-child\" data-id=\"443e71ec\" data-element_type=\"container\" data-e-type=\"container\">\n\t\t\t\t<div class=\"elementor-element elementor-element-46a7ac77 elementor-widget elementor-widget-patara-title\" data-id=\"46a7ac77\" data-element_type=\"widget\" data-e-type=\"widget\" data-widget_type=\"patara-title.default\">\n\t\t\t\t<div class=\"elementor-widget-container\">\n\t\t\t\t\t\t\t\n\t\t\t\t\t\t\t\t<div class=\"sub-title border-bot-light\">\n\t\t\tAdresse des guten Geschmacks<\/h4><\/div>\n\t\t\t\t\t\n\t\t\t\n        \t\t\t\t<\/div>\n\t\t\t\t<\/div>\n\t\t\t\t<\/div>\n\t\t<div class=\"elementor-element elementor-element-4556f159 e-con-full e-flex e-con e-child\" data-id=\"4556f159\" data-element_type=\"container\" data-e-type=\"container\">\n\t\t\t\t<div class=\"elementor-element elementor-element-9eb6864 elementor-widget elementor-widget-patara-title\" data-id=\"9eb6864\" data-element_type=\"widget\" data-e-type=\"widget\" data-widget_type=\"patara-title.default\">\n\t\t\t\t<div class=\"elementor-widget-container\">\n\t\t\t\t\t\t\t\n\t\t\n\t\t\t\t\t\t\t\n\t\t\t<h4 class=\"section-title black text-left\">Restaurant<\/h4>\t\t\t\t\n\t\t\t<div class=\"section-text text-left black\"><p><div id=\"1351899039\" class=\"u_1351899039 dmNewParagraph\" data-element-type=\"paragraph\" data-version=\"5\">\n  <p style=\"text-align: left; font-size: 18px;\">\n    Erleben Sie <span style=\"color: #6B503A;\"><strong>kulinarische Gen\u00fcsse<\/strong><\/span> in einer entspannten und stilvollen Atmosph\u00e4re. Unser Restaurant bietet Ihnen eine <strong>exquisite Auswahl<\/strong> an Gerichten, die aus <span style=\"color: #6B503A;\"><strong>frischen, regionalen Zutaten<\/strong><\/span> mit viel Liebe zum Detail zubereitet werden.\n  <\/p>\n<\/div><\/p><\/div>\n        \n\t\t\t\n        \t\t\t\t<\/div>\n\t\t\t\t<\/div>\n\t\t\t\t<div class=\"elementor-element elementor-element-1523a9f elementor-widget elementor-widget-patara-title\" data-id=\"1523a9f\" data-element_type=\"widget\" data-e-type=\"widget\" data-widget_type=\"patara-title.default\">\n\t\t\t\t<div class=\"elementor-widget-container\">\n\t\t\t\t\t\t\t\n\t\t\t\t\n\t\t\t<h6 class=\"sec-title section-padding text-left\">\n\t\t\t\tMahlzeiten\t\t    <\/h6>\n\t\t\t\t\t\t\t\t\t\n\t\t\t\t\t\t\n\t\t\t\t\n        \n\t\t\t\n        \t\t\t\t<\/div>\n\t\t\t\t<\/div>\n\t\t\t\t<div class=\"elementor-element elementor-element-a151878 elementor-widget elementor-widget-patara-list-icon\" data-id=\"a151878\" data-element_type=\"widget\" data-e-type=\"widget\" data-widget_type=\"patara-list-icon.default\">\n\t\t\t\t<div class=\"elementor-widget-container\">\n\t\t\t\t\t\t\t\n\t\t<div class=\"sec-list\">\n\t\t\t<ul class=\"list-unstyled page-list\">\n\t\t\t\t\t\t\t\t\t<li>\n\t                    \t\t\t\t\t\t\t<div class=\"page-list-icon\"> \n\t\t\t\t\t\t\t\t<span class=\"ti-time\"><\/span>\t\t\t\t\t\t\t\n\t\t\t\t\t\t    <\/div>\n\t\t\t\t\t\t\t\t\t\t\t\t<div class=\"page-list-text\">\n\t\t\t\t\t\t\t<p><p style=\"text-align: left; font-size: 18px;\">\n    <strong>Fr\u00fchst\u00fcck:<\/strong><br>\n    7:45 \u2013 10:30 (t\u00e4glich)<br>\n    Es erwartet Sie eine reiche Auswahl an <span style=\"color: #6B503A;\"><strong>frischen und vorwiegend regionalen Produkten<\/strong><\/span>: Brot und Geb\u00e4ck vom B\u00e4cker, Marmeladen, Honig, Nutella, Wurst- und K\u00e4sespezialit\u00e4ten, Cerealien, Joghurt, Aufstriche, <span style=\"color: #6B503A;\"><strong>frische Eiervariationen<\/strong><\/span>, Kaffee, Tee, S\u00e4fte, eine gro\u00dfe <span style=\"color: #6B503A;\"><strong>vegetarische Auswahl<\/strong><\/span> und vieles mehr.\n  <\/p><\/p>\n\t\t\t\t\t\t<\/div>\t\t\t\t\t\n\t\t\t\t\t<\/li>\n\t\t\t\t\t\t\t\t\t<li>\n\t                    \t\t\t\t\t\t\t<div class=\"page-list-icon\"> \n\t\t\t\t\t\t\t\t<span class=\"ti-time\"><\/span>\t\t\t\t\t\t\t\n\t\t\t\t\t\t    <\/div>\n\t\t\t\t\t\t\t\t\t\t\t\t<div class=\"page-list-text\">\n\t\t\t\t\t\t\t<p><p style=\"text-align: left; font-size: 18px;\">\n    <strong>Mittagssnack:<\/strong><br>\n    13:00 \u2013 15:00 (t\u00e4glich)<br>\n    Zu Mittag erwarten Sie <span style=\"color: #6B503A;\"><strong>t\u00e4glich wechselnde Speisen<\/strong><\/span> f\u00fcr den kleinen Hunger zwischendurch.<br>\n    Genie\u00dfen Sie im Anschluss eine breite Vielfalt an <span style=\"color: #6B503A;\"><strong>Kaffeevariationen<\/strong><\/span> zu einem <span style=\"color: #6B503A;\"><strong>schmackhaften, hausgemachten Kuchen<\/strong><\/span>.<br>\n  <\/p><\/p>\n\t\t\t\t\t\t<\/div>\t\t\t\t\t\n\t\t\t\t\t<\/li>\n\t\t\t\t\t\t\t\t\t<li>\n\t                    \t\t\t\t\t\t\t<div class=\"page-list-icon\"> \n\t\t\t\t\t\t\t\t<span class=\"ti-time\"><\/span>\t\t\t\t\t\t\t\n\t\t\t\t\t\t    <\/div>\n\t\t\t\t\t\t\t\t\t\t\t\t<div class=\"page-list-text\">\n\t\t\t\t\t\t\t<p><div id=\"1351899039\" class=\"u_1351899039 dmNewParagraph\" data-element-type=\"paragraph\" data-version=\"5\">\n  <p style=\"text-align: left; font-size: 18px;\">\n    <strong>Kulinarik am Abend:<\/strong><br>\n    17:45 \u2013 20:00 (t\u00e4glich)<br>\n    Genie\u00dfen Sie unser <span style=\"color: #6B503A;\"><strong>6-G\u00e4nge-Men\u00fc<\/strong><\/span> (Vorspeise, Suppe, Salat, Hauptspeise mit Wahl zwischen <span style=\"color: #6B503A;\"><strong>Fisch, Fleisch oder Vegetarisch<\/strong><\/span> und Dessert), gekocht von unserem Chefkoch und K\u00fcchenteam. F\u00fcr unsere kleinen G\u00e4ste servieren wir ein <span style=\"color: #6B503A;\"><strong>t\u00e4glich wechselndes Kindermen\u00fc<\/strong><\/span>.\n  <\/p>\n<\/div><\/p>\n\t\t\t\t\t\t<\/div>\t\t\t\t\t\n\t\t\t\t\t<\/li>\n\t\t\t\t\t\t\n\t\t\t<\/ul>\t\t\t\t\t\n\t\t<\/div>\n\t\t\n\t\t\t\n        \t\t\t\t<\/div>\n\t\t\t\t<\/div>\n\t\t\t\t<div class=\"elementor-element elementor-element-6ddb1dc elementor-widget elementor-widget-patara-title\" data-id=\"6ddb1dc\" data-element_type=\"widget\" data-e-type=\"widget\" data-widget_type=\"patara-title.default\">\n\t\t\t\t<div class=\"elementor-widget-container\">\n\t\t\t\t\t\t\t\n\t\t\t\t\n\t\t\t<h6 class=\"sec-title section-padding text-left\">\n\t\t\t\tTerrasse\t\t    <\/h6>\n\t\t\t\t\t\t\t\t\t\n\t\t\t<div class=\"section-text  black text-left\"><p><div id=\"1351899039\" class=\"u_1351899039 dmNewParagraph\" data-element-type=\"paragraph\" data-version=\"5\"><p style=\"text-align: left; font-size: 18px;\">Unsere Terrasse ist f\u00fcr Sie ge\u00f6ffnet \u2013 genie\u00dfen Sie <span style=\"color: #6b503a;\"><strong>erfrischende Drinks<\/strong><\/span> in einer <span style=\"color: #6b503a;\"><strong>angenehmen Umgebung<\/strong><\/span>.<\/p><\/div><\/p><\/div>\t\t\t\n\t\t\t\t\n        \n\t\t\t\n        \t\t\t\t<\/div>\n\t\t\t\t<\/div>\n\t\t\t\t<\/div>\n\t\t\t\t\t<\/div>\n\t\t\t\t<\/div>\n\t\t<div class=\"elementor-element elementor-element-213f88d8 e-con-full e-flex e-con e-parent\" data-id=\"213f88d8\" data-element_type=\"container\" data-e-type=\"container\" data-settings=\"{&quot;background_background&quot;:&quot;classic&quot;}\">\n\t\t\t\t<div class=\"elementor-element elementor-element-37e1ab79 elementor-widget elementor-widget-patara-banner-image\" data-id=\"37e1ab79\" data-element_type=\"widget\" data-e-type=\"widget\" data-widget_type=\"patara-banner-image.default\">\n\t\t\t\t<div class=\"elementor-widget-container\">\n\t\t\t\t\t\t\t\n\t<!-- Header Banner -->\n\t<header class=\"header\">\n\n\t\t\t\t<div class=\"banner-header full-height valign bg-img bg-fixed text-center\" data-overlay-dark=\"3\" data-background=\"https:\/\/familienhotelkaernten.at\/\/wp-content\/uploads\/2024\/07\/Trebesingerhof-256-final-scaled.jpg\">\n\t\t\t\t\t\t\t\t\t\t\t\t<div class=\"container\">\n\t\t\t\t\t<div class=\"row\">\n\t\t\t\t\t\t<div class=\"col-md-6 offset-3\">\n\t\t\t\t\t\t\t<div class=\"caption\">\n\n\t\t\t\t\t\t\t\t\t\t\t\t\t\t\t\t\n\t\t\t\t\t\t\t\t\n\t\t\t\t\t\t\t\t\t\t\t\t\t\t\t\t\t\t\t\t\t\t\t\t<h1 class=\"pt-slider-title2-class\"> <\/h1>\n\t\t\t\t\t\t\t\t\t\t\t\t\t\t\t\t\t\t\t\t\t\t\t<\/div>\t\t\t\t\t\t\n\t\t\t\t\t\t<\/div>\t\t\t\t\t\t\n\t\t\t\t\t<\/div>\n\t\t\t\t<\/div>\n\t\t\t\t\t\t\t\t\t\n\t\t\t\t\t\t\n        <\/div>\t\t\t\n\t<\/header>\t\t\n\t\t\t\n    \t\t\t\t<\/div>\n\t\t\t\t<\/div>\n\t\t\t\t<\/div>\n\t\t\t\t<\/div>\n\t\t","protected":false},"excerpt":{"rendered":"<p>Willkommen im Trebesinger Hof Restaurant Adresse des guten Geschmacks Restaurant Erleben Sie kulinarische Gen\u00fcsse in einer entspannten und stilvollen Atmosph\u00e4re. Unser Restaurant bietet Ihnen eine exquisite Auswahl an Gerichten, die aus frischen, regionalen Zutaten mit viel Liebe zum Detail zubereitet werden. Mahlzeiten Fr\u00fchst\u00fcck: 7:45 \u2013 10:30 (t\u00e4glich) Es erwartet Sie eine reiche Auswahl an frischen und vorwiegend regionalen Produkten: Brot<\/p>\n","protected":false},"author":1,"featured_media":0,"parent":0,"menu_order":0,"comment_status":"closed","ping_status":"closed","template":"","meta":{"footnotes":"","_links_to":"","_links_to_target":""},"class_list":["post-798","page","type-page","status-publish","hentry"],"aioseo_notices":[],"meta_box":[],"_links":{"self":[{"href":"https:\/\/familienhotelkaernten.at\/index.php\/wp-json\/wp\/v2\/pages\/798","targetHints":{"allow":["GET"]}}],"collection":[{"href":"https:\/\/familienhotelkaernten.at\/index.php\/wp-json\/wp\/v2\/pages"}],"about":[{"href":"https:\/\/familienhotelkaernten.at\/index.php\/wp-json\/wp\/v2\/types\/page"}],"author":[{"embeddable":true,"href":"https:\/\/familienhotelkaernten.at\/index.php\/wp-json\/wp\/v2\/users\/1"}],"replies":[{"embeddable":true,"href":"https:\/\/familienhotelkaernten.at\/index.php\/wp-json\/wp\/v2\/comments?post=798"}],"version-history":[{"count":57,"href":"https:\/\/familienhotelkaernten.at\/index.php\/wp-json\/wp\/v2\/pages\/798\/revisions"}],"predecessor-version":[{"id":5968,"href":"https:\/\/familienhotelkaernten.at\/index.php\/wp-json\/wp\/v2\/pages\/798\/revisions\/5968"}],"wp:attachment":[{"href":"https:\/\/familienhotelkaernten.at\/index.php\/wp-json\/wp\/v2\/media?parent=798"}],"curies":[{"name":"wp","href":"https:\/\/api.w.org\/{rel}","templated":true}]}}