{"id":3433,"date":"2024-07-30T13:52:06","date_gmt":"2024-07-30T13:52:06","guid":{"rendered":"https:\/\/sweet-varahamihira.3-64-106-182.plesk.page\/?page_id=3433"},"modified":"2026-02-18T16:12:10","modified_gmt":"2026-02-18T16:12:10","slug":"eltern","status":"publish","type":"page","link":"https:\/\/familienhotelkaernten.at\/index.php\/eltern\/","title":{"rendered":"Eltern"},"content":{"rendered":"\t\t<div data-elementor-type=\"wp-page\" data-elementor-id=\"3433\" class=\"elementor elementor-3433\" data-elementor-post-type=\"page\">\n\t\t\t\t<div class=\"elementor-element elementor-element-c77cb61 e-con-full e-flex e-con e-parent\" data-id=\"c77cb61\" data-element_type=\"container\" data-e-type=\"container\">\n\t\t\t\t<div class=\"elementor-element elementor-element-2501abb elementor-widget elementor-widget-patara-banner-slider\" data-id=\"2501abb\" data-element_type=\"widget\" data-e-type=\"widget\" data-widget_type=\"patara-banner-slider.default\">\n\t\t\t\t<div class=\"elementor-widget-container\">\n\t\t\t\t\t\t\t<header class=\"header slider-fade cd-intro-type-slider\">\n\t\t\t<div class=\"owl-carousel owl-theme\" data-carousel-autoplay=\"true\" data-carousel-speed=\"500\" data-carousel-timeout=\"5000\" data-carousel-nav=\"true\" data-rtl=\"false\" data-carousel-dots=\"false\" data-carousel-dots-mobile=\"false\" >\n\t\t\t\t<!-- The opacity on the image is made with \"data-overlay-dark=\"number\". You can change it using the numbers 0-9 -->\n\t\t\t\t\t\t\t\t\t\t\t\t<div class=\"text-center item bg-img bg-img-c\" data-overlay-dark=\"6\" data-background=\"https:\/\/familienhotelkaernten.at\/\/wp-content\/uploads\/2024\/07\/Trebesingerhof-63-scaled.jpg\">\n\t\t\t\t\n\t\t\t\t\t\t\t\t\t\t\t<div class=\"v-middle caption\">\n\t\t\t\t\t\t\t<div class=\"container\">\n\t\t\t\t\t\t\t\t<div class=\"row\">\n\t\t\t\t\t\t\t\t\t<div class=\"col-md-8 offset-2\">\n\t\t\t\t\t\t\t\t\t\t<div class=\"o-hidden\">\n\t\t\t\t\t\t\t\t\t\t    \t\t\t\t\t\t\t\t\t\t\t<span>\n\t\t\t\t\t\t\t\t\t\t\t\t<i class=\"patara-star-rating\"><\/i>\n\t\t\t\t\t\t\t\t\t\t\t\t<i class=\"patara-star-rating\"><\/i>\n\t\t\t\t\t\t\t\t\t\t\t\t<i class=\"patara-star-rating\"><\/i>\n\t\t\t\t\t\t\t\t\t\t\t\t<i class=\"patara-star-rating\"><\/i>\n\t\t\t\t\t\t\t\t\t\t\t<\/span>\t\t\t\t\t\t\t\t\t\t\t\t\n\t\t\t\t\t\t\t\t\t\t\t\t\t\t\t\t\t\t\t\t\t\t\n\t\t\t\t\t\t\t\t\t\t\t\t\t\t\t\t\t\t\t\t\t\t<h4 class=\"pt-slider-title1-class\">Familienhotel Trebesingerhof<\/h4>\n\t\t\t\t\t\t\t\t\t\t\t\t\t\t\t\t\t\t\t\t\t\t\t\t\t\t\t\t\t\t\t\t\t<h1 class=\"pt-slider-title2-class\">Unser Angebot <br> f\u00fcr Erwachsene<\/h1>\n\t\t\t\t\t\t\t\t\t\t\t\t\t\t\t\t\t\t\t\t\t\t\t\t\t\t\t\t\t\t\t\t\t<div class=\"butn-light mt-30 mb-30\"><a href=\"#angebote\" target=\"_self\" rel=\"noopener noreferrer\"><span>Zu Unseren Angeboten<\/span><\/a><\/div>\n\t\t\t\t\t\t\t\t\t\t\t\t\t\t\t\t\t\t\t\t\t<\/div>\n\t\t\t\t\t\t\t\t\t<\/div>\n\t\t\t\t\t\t\t\t<\/div>\n\t\t\t\t\t\t\t<\/div>\n\t\t\t\t\t\t<\/div>\n\t\t\t\t\t\t\t\t\t<\/div>\n\t\t\t\t\t\t\t\t\t\t\t\t\t\t\t\t<div class=\"text-center item bg-img bg-img-c\" data-overlay-dark=\"6\" data-background=\"https:\/\/familienhotelkaernten.at\/\/wp-content\/uploads\/2024\/07\/Trebesingerhof-33-final-scaled.jpg\">\n\t\t\t\t\n\t\t\t\t\t\t\t\t\t\t\t<div class=\"v-middle caption\">\n\t\t\t\t\t\t\t<div class=\"container\">\n\t\t\t\t\t\t\t\t<div class=\"row\">\n\t\t\t\t\t\t\t\t\t<div class=\"col-md-8 offset-2\">\n\t\t\t\t\t\t\t\t\t\t<div class=\"o-hidden\">\n\t\t\t\t\t\t\t\t\t\t    \t\t\t\t\t\t\t\t\t\t\t<span>\n\t\t\t\t\t\t\t\t\t\t\t\t<i class=\"patara-star-rating\"><\/i>\n\t\t\t\t\t\t\t\t\t\t\t\t<i class=\"patara-star-rating\"><\/i>\n\t\t\t\t\t\t\t\t\t\t\t\t<i class=\"patara-star-rating\"><\/i>\n\t\t\t\t\t\t\t\t\t\t\t\t<i class=\"patara-star-rating\"><\/i>\n\t\t\t\t\t\t\t\t\t\t\t<\/span>\t\t\t\t\t\t\t\t\t\t\t\t\n\t\t\t\t\t\t\t\t\t\t\t\t\t\t\t\t\t\t\t\t\t\t\n\t\t\t\t\t\t\t\t\t\t\t\t\t\t\t\t\t\t\t\t\t\t<h4 class=\"pt-slider-title1-class\">Familienhotel Trebesingerhof<\/h4>\n\t\t\t\t\t\t\t\t\t\t\t\t\t\t\t\t\t\t\t\t\t\t\t\t\t\t\t\t\t\t\t\t\t<h1 class=\"pt-slider-title2-class\">Unser Angebot <br> f\u00fcr Erwachsene<\/h1>\n\t\t\t\t\t\t\t\t\t\t\t\t\t\t\t\t\t\t\t\t\t\t\t\t\t\t\t\t\t\t\t\t\t<div class=\"butn-light mt-30 mb-30\"><a href=\"#angebote\" target=\"_self\" rel=\"noopener noreferrer\"><span>Zu Unseren Angeboten<\/span><\/a><\/div>\n\t\t\t\t\t\t\t\t\t\t\t\t\t\t\t\t\t\t\t\t\t<\/div>\n\t\t\t\t\t\t\t\t\t<\/div>\n\t\t\t\t\t\t\t\t<\/div>\n\t\t\t\t\t\t\t<\/div>\n\t\t\t\t\t\t<\/div>\n\t\t\t\t\t\t\t\t\t<\/div>\n\t\t\t\t\t\t\t\t\t\t\t\t\t\t\t\t<div class=\"text-center item bg-img bg-img-c\" data-overlay-dark=\"6\" data-background=\"https:\/\/familienhotelkaernten.at\/\/wp-content\/uploads\/2024\/07\/Trebesingerhof-32-final-scaled.jpg\">\n\t\t\t\t\n\t\t\t\t\t\t\t\t\t\t\t<div class=\"v-middle caption\">\n\t\t\t\t\t\t\t<div class=\"container\">\n\t\t\t\t\t\t\t\t<div class=\"row\">\n\t\t\t\t\t\t\t\t\t<div class=\"col-md-8 offset-2\">\n\t\t\t\t\t\t\t\t\t\t<div class=\"o-hidden\">\n\t\t\t\t\t\t\t\t\t\t    \t\t\t\t\t\t\t\t\t\t\t<span>\n\t\t\t\t\t\t\t\t\t\t\t\t<i class=\"patara-star-rating\"><\/i>\n\t\t\t\t\t\t\t\t\t\t\t\t<i class=\"patara-star-rating\"><\/i>\n\t\t\t\t\t\t\t\t\t\t\t\t<i class=\"patara-star-rating\"><\/i>\n\t\t\t\t\t\t\t\t\t\t\t\t<i class=\"patara-star-rating\"><\/i>\n\t\t\t\t\t\t\t\t\t\t\t<\/span>\t\t\t\t\t\t\t\t\t\t\t\t\n\t\t\t\t\t\t\t\t\t\t\t\t\t\t\t\t\t\t\t\t\t\t\n\t\t\t\t\t\t\t\t\t\t\t\t\t\t\t\t\t\t\t\t\t\t<h4 class=\"pt-slider-title1-class\">Familienhotel Trebesingerhof<\/h4>\n\t\t\t\t\t\t\t\t\t\t\t\t\t\t\t\t\t\t\t\t\t\t\t\t\t\t\t\t\t\t\t\t\t<h1 class=\"pt-slider-title2-class\">Unser Angebot <br> f\u00fcr Erwachsene<\/h1>\n\t\t\t\t\t\t\t\t\t\t\t\t\t\t\t\t\t\t\t\t\t\t\t\t\t\t\t\t\t\t\t\t\t<div class=\"butn-light mt-30 mb-30\"><a href=\"#angebote\" target=\"_self\" rel=\"noopener noreferrer\"><span>Zu Unseren Angeboten<\/span><\/a><\/div>\n\t\t\t\t\t\t\t\t\t\t\t\t\t\t\t\t\t\t\t\t\t<\/div>\n\t\t\t\t\t\t\t\t\t<\/div>\n\t\t\t\t\t\t\t\t<\/div>\n\t\t\t\t\t\t\t<\/div>\n\t\t\t\t\t\t<\/div>\n\t\t\t\t\t\t\t\t\t<\/div>\n\t\t\t\t\t\t\t\t\t\t\t\t\t\t\t\t<div class=\"text-center item bg-img bg-img-c\" data-overlay-dark=\"4\" data-background=\"https:\/\/familienhotelkaernten.at\/\/wp-content\/uploads\/2024\/07\/112202-2880w.webp\">\n\t\t\t\t\n\t\t\t\t\t\t\t\t\t\t\t<div class=\"v-middle caption\">\n\t\t\t\t\t\t\t<div class=\"container\">\n\t\t\t\t\t\t\t\t<div class=\"row\">\n\t\t\t\t\t\t\t\t\t<div class=\"col-md-8 offset-2\">\n\t\t\t\t\t\t\t\t\t\t<div class=\"o-hidden\">\n\t\t\t\t\t\t\t\t\t\t    \t\t\t\t\t\t\t\t\t\t\t<span>\n\t\t\t\t\t\t\t\t\t\t\t\t<i class=\"patara-star-rating\"><\/i>\n\t\t\t\t\t\t\t\t\t\t\t\t<i class=\"patara-star-rating\"><\/i>\n\t\t\t\t\t\t\t\t\t\t\t\t<i class=\"patara-star-rating\"><\/i>\n\t\t\t\t\t\t\t\t\t\t\t\t<i class=\"patara-star-rating\"><\/i>\n\t\t\t\t\t\t\t\t\t\t\t<\/span>\t\t\t\t\t\t\t\t\t\t\t\t\n\t\t\t\t\t\t\t\t\t\t\t\t\t\t\t\t\t\t\t\t\t\t\n\t\t\t\t\t\t\t\t\t\t\t\t\t\t\t\t\t\t\t\t\t\t<h4 class=\"pt-slider-title1-class\">Familienhotel Trebesingerhof<\/h4>\n\t\t\t\t\t\t\t\t\t\t\t\t\t\t\t\t\t\t\t\t\t\t\t\t\t\t\t\t\t\t\t\t\t<h1 class=\"pt-slider-title2-class\">Unser Angebot <br> f\u00fcr Erwachsene<\/h1>\n\t\t\t\t\t\t\t\t\t\t\t\t\t\t\t\t\t\t\t\t\t\t\t\t\t\t\t\t\t\t\t\t\t<div class=\"butn-light mt-30 mb-30\"><a href=\"#angebote\" target=\"_self\" rel=\"noopener noreferrer\"><span>Zu Unseren Angeboten<\/span><\/a><\/div>\n\t\t\t\t\t\t\t\t\t\t\t\t\t\t\t\t\t\t\t\t\t<\/div>\n\t\t\t\t\t\t\t\t\t<\/div>\n\t\t\t\t\t\t\t\t<\/div>\n\t\t\t\t\t\t\t<\/div>\n\t\t\t\t\t\t<\/div>\n\t\t\t\t\t\t\t\t\t<\/div>\n\t\t\t\t\t\t\t\t\t\t\t\t\t\t\t\t<div class=\"text-center item bg-img bg-img-c\" data-overlay-dark=\"4\" data-background=\"https:\/\/familienhotelkaernten.at\/\/wp-content\/uploads\/2024\/07\/golfen.webp\">\n\t\t\t\t\n\t\t\t\t\t\t\t\t\t\t\t<div class=\"v-middle caption\">\n\t\t\t\t\t\t\t<div class=\"container\">\n\t\t\t\t\t\t\t\t<div class=\"row\">\n\t\t\t\t\t\t\t\t\t<div class=\"col-md-8 offset-2\">\n\t\t\t\t\t\t\t\t\t\t<div class=\"o-hidden\">\n\t\t\t\t\t\t\t\t\t\t    \t\t\t\t\t\t\t\t\t\t\t<span>\n\t\t\t\t\t\t\t\t\t\t\t\t<i class=\"patara-star-rating\"><\/i>\n\t\t\t\t\t\t\t\t\t\t\t\t<i class=\"patara-star-rating\"><\/i>\n\t\t\t\t\t\t\t\t\t\t\t\t<i class=\"patara-star-rating\"><\/i>\n\t\t\t\t\t\t\t\t\t\t\t\t<i class=\"patara-star-rating\"><\/i>\n\t\t\t\t\t\t\t\t\t\t\t<\/span>\t\t\t\t\t\t\t\t\t\t\t\t\n\t\t\t\t\t\t\t\t\t\t\t\t\t\t\t\t\t\t\t\t\t\t\n\t\t\t\t\t\t\t\t\t\t\t\t\t\t\t\t\t\t\t\t\t\t<h4 class=\"pt-slider-title1-class\">Familienhotel Trebesingerhof<\/h4>\n\t\t\t\t\t\t\t\t\t\t\t\t\t\t\t\t\t\t\t\t\t\t\t\t\t\t\t\t\t\t\t\t\t<h1 class=\"pt-slider-title2-class\">Unser Angebot <br> f\u00fcr Erwachsene<\/h1>\n\t\t\t\t\t\t\t\t\t\t\t\t\t\t\t\t\t\t\t\t\t\t\t\t\t\t\t\t\t\t\t\t\t<div class=\"butn-light mt-30 mb-30\"><a href=\"#angebote\" target=\"_self\" rel=\"noopener noreferrer\"><span>Zu Unseren Angeboten<\/span><\/a><\/div>\n\t\t\t\t\t\t\t\t\t\t\t\t\t\t\t\t\t\t\t\t\t<\/div>\n\t\t\t\t\t\t\t\t\t<\/div>\n\t\t\t\t\t\t\t\t<\/div>\n\t\t\t\t\t\t\t<\/div>\n\t\t\t\t\t\t<\/div>\n\t\t\t\t\t\t\t\t\t<\/div>\n\t\t\t\t\t\t\t\t\t\t\t\t\t\t\t\t<div class=\"text-center item bg-img bg-img-c\" data-overlay-dark=\"4\" data-background=\"https:\/\/familienhotelkaernten.at\/\/wp-content\/uploads\/2024\/07\/motorrad-fahren.webp\">\n\t\t\t\t\n\t\t\t\t\t\t\t\t\t\t\t<div class=\"v-middle caption\">\n\t\t\t\t\t\t\t<div class=\"container\">\n\t\t\t\t\t\t\t\t<div class=\"row\">\n\t\t\t\t\t\t\t\t\t<div class=\"col-md-8 offset-2\">\n\t\t\t\t\t\t\t\t\t\t<div class=\"o-hidden\">\n\t\t\t\t\t\t\t\t\t\t    \t\t\t\t\t\t\t\t\t\t\t<span>\n\t\t\t\t\t\t\t\t\t\t\t\t<i class=\"patara-star-rating\"><\/i>\n\t\t\t\t\t\t\t\t\t\t\t\t<i class=\"patara-star-rating\"><\/i>\n\t\t\t\t\t\t\t\t\t\t\t\t<i class=\"patara-star-rating\"><\/i>\n\t\t\t\t\t\t\t\t\t\t\t\t<i class=\"patara-star-rating\"><\/i>\n\t\t\t\t\t\t\t\t\t\t\t<\/span>\t\t\t\t\t\t\t\t\t\t\t\t\n\t\t\t\t\t\t\t\t\t\t\t\t\t\t\t\t\t\t\t\t\t\t\n\t\t\t\t\t\t\t\t\t\t\t\t\t\t\t\t\t\t\t\t\t\t<h4 class=\"pt-slider-title1-class\">Familienhotel Trebesingerhof<\/h4>\n\t\t\t\t\t\t\t\t\t\t\t\t\t\t\t\t\t\t\t\t\t\t\t\t\t\t\t\t\t\t\t\t\t<h1 class=\"pt-slider-title2-class\">Unser Angebot <br> f\u00fcr Erwachsene<\/h1>\n\t\t\t\t\t\t\t\t\t\t\t\t\t\t\t\t\t\t\t\t\t\t\t\t\t\t\t\t\t\t\t\t\t<div class=\"butn-light mt-30 mb-30\"><a href=\"#angebote\" target=\"_self\" rel=\"noopener noreferrer\"><span>Zu Unseren Angeboten<\/span><\/a><\/div>\n\t\t\t\t\t\t\t\t\t\t\t\t\t\t\t\t\t\t\t\t\t<\/div>\n\t\t\t\t\t\t\t\t\t<\/div>\n\t\t\t\t\t\t\t\t<\/div>\n\t\t\t\t\t\t\t<\/div>\n\t\t\t\t\t\t<\/div>\n\t\t\t\t\t\t\t\t\t<\/div>\n\t\t\t\t\t\t\t\t\t\t\t\t\t\t\t\t<div class=\"text-center item bg-img bg-img-c\" data-overlay-dark=\"4\" data-background=\"https:\/\/familienhotelkaernten.at\/\/wp-content\/uploads\/2024\/07\/Trebesingerhof-255-final-scaled.jpg\">\n\t\t\t\t\n\t\t\t\t\t\t\t\t\t\t\t<div class=\"v-middle caption\">\n\t\t\t\t\t\t\t<div class=\"container\">\n\t\t\t\t\t\t\t\t<div class=\"row\">\n\t\t\t\t\t\t\t\t\t<div class=\"col-md-8 offset-2\">\n\t\t\t\t\t\t\t\t\t\t<div class=\"o-hidden\">\n\t\t\t\t\t\t\t\t\t\t    \t\t\t\t\t\t\t\t\t\t\t<span>\n\t\t\t\t\t\t\t\t\t\t\t\t<i class=\"patara-star-rating\"><\/i>\n\t\t\t\t\t\t\t\t\t\t\t\t<i class=\"patara-star-rating\"><\/i>\n\t\t\t\t\t\t\t\t\t\t\t\t<i class=\"patara-star-rating\"><\/i>\n\t\t\t\t\t\t\t\t\t\t\t\t<i class=\"patara-star-rating\"><\/i>\n\t\t\t\t\t\t\t\t\t\t\t\t<i class=\"patara-star-rating\"><\/i>\n\t\t\t\t\t\t\t\t\t\t\t<\/span>\t\n\t\t\t\t\t\t\t\t\t\t\t\t\t\t\t\t\t\t\t\t\t\t\n\t\t\t\t\t\t\t\t\t\t\t\t\t\t\t\t\t\t\t\t\t\t<h4 class=\"pt-slider-title1-class\">Familienhotel Trebesingerhof<\/h4>\n\t\t\t\t\t\t\t\t\t\t\t\t\t\t\t\t\t\t\t\t\t\t\t\t\t\t\t\t\t\t\t\t\t<h1 class=\"pt-slider-title2-class\">Unser Angebot <br> f\u00fcr Erwachsene<\/h1>\n\t\t\t\t\t\t\t\t\t\t\t\t\t\t\t\t\t\t\t\t\t\t\t\t\t\t\t\t\t\t\t\t\t<div class=\"butn-light mt-30 mb-30\"><a href=\"#angebote\" target=\"_self\" rel=\"noopener noreferrer\"><span>Zu Unseren Angeboten<\/span><\/a><\/div>\n\t\t\t\t\t\t\t\t\t\t\t\t\t\t\t\t\t\t\t\t\t<\/div>\n\t\t\t\t\t\t\t\t\t<\/div>\n\t\t\t\t\t\t\t\t<\/div>\n\t\t\t\t\t\t\t<\/div>\n\t\t\t\t\t\t<\/div>\n\t\t\t\t\t\t\t\t\t<\/div>\n\t\t\t\t\t\t\t\t\t\t\t\t\t\t\t\t<div class=\"text-center item bg-img bg-img-c\" data-overlay-dark=\"4\" data-background=\"https:\/\/familienhotelkaernten.at\/\/wp-content\/uploads\/2024\/07\/Wandern.webp\">\n\t\t\t\t\n\t\t\t\t\t\t\t\t\t\t\t<div class=\"v-middle caption\">\n\t\t\t\t\t\t\t<div class=\"container\">\n\t\t\t\t\t\t\t\t<div class=\"row\">\n\t\t\t\t\t\t\t\t\t<div class=\"col-md-8 offset-2\">\n\t\t\t\t\t\t\t\t\t\t<div class=\"o-hidden\">\n\t\t\t\t\t\t\t\t\t\t    \t\t\t\t\t\t\t\t\t\t\t<span>\n\t\t\t\t\t\t\t\t\t\t\t\t<i class=\"patara-star-rating\"><\/i>\n\t\t\t\t\t\t\t\t\t\t\t\t<i class=\"patara-star-rating\"><\/i>\n\t\t\t\t\t\t\t\t\t\t\t\t<i class=\"patara-star-rating\"><\/i>\n\t\t\t\t\t\t\t\t\t\t\t\t<i class=\"patara-star-rating\"><\/i>\n\t\t\t\t\t\t\t\t\t\t\t<\/span>\t\t\t\t\t\t\t\t\t\t\t\t\n\t\t\t\t\t\t\t\t\t\t\t\t\t\t\t\t\t\t\t\t\t\t\n\t\t\t\t\t\t\t\t\t\t\t\t\t\t\t\t\t\t\t\t\t\t<h4 class=\"pt-slider-title1-class\">Familienhotel Trebesingerhof<\/h4>\n\t\t\t\t\t\t\t\t\t\t\t\t\t\t\t\t\t\t\t\t\t\t\t\t\t\t\t\t\t\t\t\t\t<h1 class=\"pt-slider-title2-class\">Unser Angebot <br> f\u00fcr Erwachsene<\/h1>\n\t\t\t\t\t\t\t\t\t\t\t\t\t\t\t\t\t\t\t\t\t\t\t\t\t\t\t\t\t\t\t\t\t<div class=\"butn-light mt-30 mb-30\"><a href=\"#angebote\" target=\"_self\" rel=\"noopener noreferrer\"><span>Zu Unseren Angeboten<\/span><\/a><\/div>\n\t\t\t\t\t\t\t\t\t\t\t\t\t\t\t\t\t\t\t\t\t<\/div>\n\t\t\t\t\t\t\t\t\t<\/div>\n\t\t\t\t\t\t\t\t<\/div>\n\t\t\t\t\t\t\t<\/div>\n\t\t\t\t\t\t<\/div>\n\t\t\t\t\t\t\t\t\t<\/div>\n\t\t\t\t\t\t\t\t\t\t\t\t\t\t\t\t<div class=\"text-center item bg-img bg-img-c\" data-overlay-dark=\"4\" data-background=\"https:\/\/familienhotelkaernten.at\/\/wp-content\/uploads\/2025\/03\/Trebesingerhof-265-1920w.webp\">\n\t\t\t\t\n\t\t\t\t\t\t\t\t\t\t\t<div class=\"v-middle caption\">\n\t\t\t\t\t\t\t<div class=\"container\">\n\t\t\t\t\t\t\t\t<div class=\"row\">\n\t\t\t\t\t\t\t\t\t<div class=\"col-md-8 offset-2\">\n\t\t\t\t\t\t\t\t\t\t<div class=\"o-hidden\">\n\t\t\t\t\t\t\t\t\t\t    \t\t\t\t\t\t\t\t\t\t\t<span>\n\t\t\t\t\t\t\t\t\t\t\t\t<i class=\"patara-star-rating\"><\/i>\n\t\t\t\t\t\t\t\t\t\t\t\t<i class=\"patara-star-rating\"><\/i>\n\t\t\t\t\t\t\t\t\t\t\t\t<i class=\"patara-star-rating\"><\/i>\n\t\t\t\t\t\t\t\t\t\t\t\t<i class=\"patara-star-rating\"><\/i>\n\t\t\t\t\t\t\t\t\t\t\t<\/span>\t\t\t\t\t\t\t\t\t\t\t\t\n\t\t\t\t\t\t\t\t\t\t\t\t\t\t\t\t\t\t\t\t\t\t\n\t\t\t\t\t\t\t\t\t\t\t\t\t\t\t\t\t\t\t\t\t\t<h4 class=\"pt-slider-title1-class\">Familienhotel Trebesingerhof<\/h4>\n\t\t\t\t\t\t\t\t\t\t\t\t\t\t\t\t\t\t\t\t\t\t\t\t\t\t\t\t\t\t\t\t\t<h1 class=\"pt-slider-title2-class\">Unser Angebot <br> f\u00fcr Erwachsene<\/h1>\n\t\t\t\t\t\t\t\t\t\t\t\t\t\t\t\t\t\t\t\t\t\t\t\t\t\t\t\t\t\t\t\t\t<div class=\"butn-light mt-30 mb-30\"><a href=\"#angebote\" target=\"_self\" rel=\"noopener noreferrer\"><span>Zu Unseren Angeboten<\/span><\/a><\/div>\n\t\t\t\t\t\t\t\t\t\t\t\t\t\t\t\t\t\t\t\t\t<\/div>\n\t\t\t\t\t\t\t\t\t<\/div>\n\t\t\t\t\t\t\t\t<\/div>\n\t\t\t\t\t\t\t<\/div>\n\t\t\t\t\t\t<\/div>\n\t\t\t\t\t\t\t\t\t<\/div>\n\t\t\t\t\t\t\t\t\t\t\t\t\n\t\t\t<\/div>\n        <\/header>\n\t\t\n\t\t\t\t\t\t\t\t\t\t<\/div>\n\t\t\t\t<\/div>\n\t\t\t\t<\/div>\n\t\t<div class=\"elementor-element elementor-element-da654c7 e-flex e-con-boxed e-con e-parent\" data-id=\"da654c7\" data-element_type=\"container\" data-e-type=\"container\">\n\t\t\t\t\t<div class=\"e-con-inner\">\n\t\t<div class=\"elementor-element elementor-element-b5b6dc2 e-con-full e-flex e-con e-child\" data-id=\"b5b6dc2\" data-element_type=\"container\" data-e-type=\"container\" data-settings=\"{&quot;background_background&quot;:&quot;classic&quot;}\">\n\t\t\t\t<div class=\"elementor-element elementor-element-0c8972c elementor-widget elementor-widget-patara-title\" data-id=\"0c8972c\" data-element_type=\"widget\" data-e-type=\"widget\" data-widget_type=\"patara-title.default\">\n\t\t\t\t<div class=\"elementor-widget-container\">\n\t\t\t\t\t\t\t\n\t\t\n\t\t\t\t\t\t\t\n\t\t\t<h4 class=\"section-title black text-center\">Entspannen - Erholen - Aktiv sein<\/h4>\t\t\t\t\n\t\t\t\n        \n\t\t\t\n        \t\t\t\t<\/div>\n\t\t\t\t<\/div>\n\t\t\t\t<div class=\"elementor-element elementor-element-0763757 elementor-widget elementor-widget-patara-text\" data-id=\"0763757\" data-element_type=\"widget\" data-e-type=\"widget\" data-widget_type=\"patara-text.default\">\n\t\t\t\t<div class=\"elementor-widget-container\">\n\t\t\t\t\t\t\t\n\t\t<div class=\"section-text text-left black\"><section class=\"day-spa\"><h2>DAY SPA<\/h2><p><strong>\u00d6ffnungszeiten:<\/strong> 09:00 \u2013 19:00 Uhr<\/p><p><strong>Kaution:<\/strong> \u20ac 10,\u2013 <em>in bar<\/em> (wird bei Abgabe der Badetasche retourniert)<\/p><h3>Im Paket <em>pro Person<\/em> inkludiert<\/h3><ul><li>Bademantel<\/li><li>Handtuch<\/li><li>Spind<\/li><\/ul><h3>Ihre Auszeit<\/h3><p>Genie\u00dfen Sie eine Auszeit bei einem privaten Saunagang (mit Dampfbad und Infrarotkabine) oder tanken Sie Energie an unserem \u201eKraftort\u201c am Fluss. Seien Sie aktiv in unserem Fitnessraum, erkunden Sie die wundersch\u00f6ne Umgebung oder begeben Sie sich auf einen Ausflug mit der inkludierten K\u00e4rnten Card <span style=\"white-space: nowrap;\">(nur im Sommer)<\/span>.<\/p><p>Am Abend erwartet Sie (gegen Aufpreis) ein 6-G\u00e4nge-Men\u00fc vom Feinsten, und im Anschluss l\u00e4dt unsere Cocktailbar ein, den Tag gem\u00fctlich ausklingen zu lassen.<\/p><h3>Zugang zu<\/h3><ul><li>Wellnessbereich<\/li><li>Indoor- &amp; Outdoor-Pool<\/li><li>Babybecken<\/li><li>Grotten-Whirlpool<\/li><li>Sauna &amp; Infrarotkabine<\/li><\/ul><h3>Kinderbereich<\/h3><ul><li>Indoor &amp; Outdoor \u2013 Spielplatz<\/li><\/ul><h3>Preise<\/h3><table class=\"day-spa-preise\" style=\"width: 100%; border-collapse: collapse;\"><tbody><tr><td style=\"padding: 8px; border-bottom: 1px solid #ddd;\"><strong>Erwachsene (ab 16 Jahren)<\/strong><\/td><td style=\"padding: 8px; border-bottom: 1px solid #ddd; text-align: right;\"><strong>\u20ac 35,\u2013<\/strong><\/td><\/tr><tr><td style=\"padding: 8px; border-bottom: 1px solid #eee;\">0 \u2013 2,99 Jahre<\/td><td style=\"padding: 8px; border-bottom: 1px solid #eee; text-align: right;\">GRATIS<\/td><\/tr><tr><td style=\"padding: 8px; border-bottom: 1px solid #eee;\">3 \u2013 5,99 Jahre<\/td><td style=\"padding: 8px; border-bottom: 1px solid #eee; text-align: right;\">\u20ac 10,\u2013<\/td><\/tr><tr><td style=\"padding: 8px; border-bottom: 1px solid #eee;\">6 \u2013 10,99 Jahre<\/td><td style=\"padding: 8px; border-bottom: 1px solid #eee; text-align: right;\">\u20ac 15,\u2013<\/td><\/tr><tr><td style=\"padding: 8px;\">11 \u2013 15,99 Jahre<\/td><td style=\"padding: 8px; text-align: right;\">\u20ac 25,\u2013<\/td><\/tr><\/tbody><\/table><p><strong>Verpflegung:<\/strong> Fr\u00fchst\u00fcck, Mittagssnack &amp; Saftbar gegen Aufpreis zubuchbar.<\/p><\/section><\/div>\n\t\t\n\t\t\t\n        \t\t\t\t<\/div>\n\t\t\t\t<\/div>\n\t\t\t\t<\/div>\n\t\t\t\t\t<\/div>\n\t\t\t\t<\/div>\n\t\t<div class=\"elementor-element elementor-element-331aebb e-flex e-con-boxed e-con e-parent\" data-id=\"331aebb\" data-element_type=\"container\" data-e-type=\"container\" id=\"angebote\" data-settings=\"{&quot;background_background&quot;:&quot;classic&quot;}\">\n\t\t\t\t\t<div class=\"e-con-inner\">\n\t\t<div class=\"elementor-element elementor-element-42c71ac e-con-full e-flex e-con e-child\" data-id=\"42c71ac\" data-element_type=\"container\" data-e-type=\"container\" data-settings=\"{&quot;background_background&quot;:&quot;classic&quot;}\">\n\t\t<div class=\"elementor-element elementor-element-ec95bd3 e-con-full e-flex e-con e-child\" data-id=\"ec95bd3\" data-element_type=\"container\" data-e-type=\"container\">\n\t\t\t\t<div class=\"elementor-element elementor-element-5d9fffe elementor-widget elementor-widget-image\" data-id=\"5d9fffe\" data-element_type=\"widget\" data-e-type=\"widget\" data-widget_type=\"image.default\">\n\t\t\t\t<div class=\"elementor-widget-container\">\n\t\t\t\t\t\t\t\t\t\t\t\t\t\t\t<img fetchpriority=\"high\" decoding=\"async\" width=\"900\" height=\"600\" src=\"https:\/\/familienhotelkaernten.at\/wp-content\/uploads\/2024\/07\/Trebesingerhof-255-final-1024x683.jpg\" class=\"elementor-animation-grow attachment-large size-large wp-image-3022\" alt=\"\" srcset=\"https:\/\/familienhotelkaernten.at\/wp-content\/uploads\/2024\/07\/Trebesingerhof-255-final-1024x683.jpg 1024w, https:\/\/familienhotelkaernten.at\/wp-content\/uploads\/2024\/07\/Trebesingerhof-255-final-300x200.jpg 300w, https:\/\/familienhotelkaernten.at\/wp-content\/uploads\/2024\/07\/Trebesingerhof-255-final-768x512.jpg 768w, https:\/\/familienhotelkaernten.at\/wp-content\/uploads\/2024\/07\/Trebesingerhof-255-final-1536x1024.jpg 1536w, https:\/\/familienhotelkaernten.at\/wp-content\/uploads\/2024\/07\/Trebesingerhof-255-final-2048x1365.jpg 2048w, https:\/\/familienhotelkaernten.at\/wp-content\/uploads\/2024\/07\/Trebesingerhof-255-final-540x360.jpg 540w, https:\/\/familienhotelkaernten.at\/wp-content\/uploads\/2024\/07\/Trebesingerhof-255-final-600x400.jpg 600w\" sizes=\"(max-width: 900px) 100vw, 900px\" \/>\t\t\t\t\t\t\t\t\t\t\t\t\t\t\t<\/div>\n\t\t\t\t<\/div>\n\t\t\t\t<\/div>\n\t\t<div class=\"elementor-element elementor-element-58a50dd e-con-full e-flex e-con e-child\" data-id=\"58a50dd\" data-element_type=\"container\" data-e-type=\"container\">\n\t\t\t\t<div class=\"elementor-element elementor-element-3a76e67 elementor-widget elementor-widget-patara-title\" data-id=\"3a76e67\" data-element_type=\"widget\" data-e-type=\"widget\" data-widget_type=\"patara-title.default\">\n\t\t\t\t<div class=\"elementor-widget-container\">\n\t\t\t\t\t\t\t\n\t\t\n\t\t\t<h3 class=\"section-subtitle black text-left\">Familienhotel Trebesingerhof<\/h3>\t\t\t\t\n\t\t\t<h4 class=\"section-title black text-left\">KULINARIK<\/h4>\t\t\t\t\n\t\t\t\n        \n\t\t\t\n        \t\t\t\t<\/div>\n\t\t\t\t<\/div>\n\t\t\t\t<div class=\"elementor-element elementor-element-982375f angebote elementor-widget elementor-widget-patara-text\" data-id=\"982375f\" data-element_type=\"widget\" data-e-type=\"widget\" data-widget_type=\"patara-text.default\">\n\t\t\t\t<div class=\"elementor-widget-container\">\n\t\t\t\t\t\t\t\n\t\t<div class=\"section-text text-left black\"><div id=\"1731881653\" class=\"dmNewParagraph\" data-element-type=\"paragraph\" data-version=\"5\"><p style=\"text-align: left; font-size: 20px; color: #9ea57c;\"><strong>Fr\u00fchst\u00fcck:<\/strong><\/p><p style=\"text-align: left; font-size: 18px;\">Mit unserem umfassenden All-Inclusive-Paket erwartet Sie ein reichhaltiges Fr\u00fchst\u00fccksbuffet, das f\u00fcr jeden Geschmack etwas bietet. Genie\u00dfen Sie eine vielf\u00e4ltige Auswahl an <span style=\"color: #9ea57c;\"><strong>regionalen Produkten<\/strong><\/span>, Wurst- und K\u00e4sespezialit\u00e4ten, k\u00f6stlichen Aufstrichen, Marmeladen, frischem Geb\u00e4ck, Obst, knusprigen Cerealien und erfrischendem Joghurt. Um Ihr Fr\u00fchst\u00fcck abzurunden, bieten wir frisch zubereitete<br \/><strong>Eivariationen<\/strong>. Nat\u00fcrlich sind <strong>Kaffee und Tee<\/strong> inklusive. F\u00fcr unsere<br \/><span style=\"color: #9ea57c;\"><strong>vegetarischen G\u00e4ste<\/strong><\/span> gibt es ebenfalls reichhaltige Variationen.<\/p><p style=\"text-align: left; font-size: 20px; color: #9ea57c;\"><strong>Mittagsbuffet:<\/strong><\/p><p style=\"text-align: left; font-size: 18px;\">Mittags k\u00f6nnen Sie sich auf t\u00e4glich wechselnde <b>Buffet<\/b> freuen, ideal f\u00fcr den kleinen Hunger zwischendurch. Im Anschluss verw\u00f6hnt Sie unser K\u00fcchenteam mit hausgemachtem <span style=\"color: #9ea57c;\"><strong>Kuchen<\/strong><\/span>, dazu servieren wir eine hei\u00dfe Tasse <strong>Kaffee, Tee<\/strong> oder <strong>Kakao<\/strong>.<\/p><p style=\"text-align: left; font-size: 20px; color: #9ea57c;\"><strong>Abendessen:<\/strong><\/p><p style=\"text-align: left; font-size: 18px;\">Am Abend erwartet Sie ein kulinarisches Highlight mit unserem 6<strong>-G\u00e4nge-Men\u00fc<\/strong>. Sie haben t\u00e4glich die Wahl zwischen einer Hauptspeise mit<br \/><span style=\"color: #9ea57c;\"><strong>Fleisch<\/strong><\/span>, <span style=\"color: #9ea57c;\"><strong>Fisch<\/strong><\/span> oder einer <strong>vegetarischen Variante<\/strong>, sodass f\u00fcr jeden etwas dabei ist.<\/p><p style=\"text-align: left; font-size: 18px;\">Bedienen Sie sich gerne an unserer <strong>Saftbar<\/strong> oder dem hauseigenen<br \/><span style=\"color: #9ea57c;\"><strong>Quellwasserbrunnen<\/strong><\/span>. Genie\u00dfen Sie auch unsere <strong>Kaffeevariationen<\/strong> wie Latte Macchiato, Cappuccino, sowie Tee und Kakao.<\/p><p style=\"text-align: left; font-size: 18px;\"><em>Im All-Inclusive-Paket sind S\u00e4fte von der Saftbar sowie Kaffee, Tee und Kakao \u201ew\u00e4hrend der Essenszeiten\u201c Inklusive.<\/em><\/p><\/div><\/div>\n\t\t\n\t\t\t\n        \t\t\t\t<\/div>\n\t\t\t\t<\/div>\n\t\t\t\t<div class=\"elementor-element elementor-element-113df9b elementor-widget elementor-widget-patara-button\" data-id=\"113df9b\" data-element_type=\"widget\" data-e-type=\"widget\" data-widget_type=\"patara-button.default\">\n\t\t\t\t<div class=\"elementor-widget-container\">\n\t\t\t\t\t\n\t\t<div class=\"float-left\">\n            <div class=\"sec-button butn-dark\"><a href=\"https:\/\/familienhotelkaernten.at\/\/index.php\/restaurant\/\" target=\"_self\" rel=\"noopener noreferrer\"><span>Restaurant & Bar<\/span><\/a><\/div>\t\t\n\t\t<\/div>\t\t\n\n        \t\t\t\t<\/div>\n\t\t\t\t<\/div>\n\t\t\t\t<\/div>\n\t\t\t\t<\/div>\n\t\t\t\t\t<\/div>\n\t\t\t\t<\/div>\n\t\t<div class=\"elementor-element elementor-element-224f53b e-flex e-con-boxed e-con e-parent\" data-id=\"224f53b\" data-element_type=\"container\" data-e-type=\"container\" data-settings=\"{&quot;background_background&quot;:&quot;classic&quot;}\">\n\t\t\t\t\t<div class=\"e-con-inner\">\n\t\t<div class=\"elementor-element elementor-element-7d1e737 e-con-full e-flex e-con e-child\" data-id=\"7d1e737\" data-element_type=\"container\" data-e-type=\"container\" data-settings=\"{&quot;background_background&quot;:&quot;classic&quot;}\">\n\t\t<div class=\"elementor-element elementor-element-0fe5cca e-con-full e-flex e-con e-child\" data-id=\"0fe5cca\" data-element_type=\"container\" data-e-type=\"container\">\n\t\t\t\t<div class=\"elementor-element elementor-element-e2ea6f2 elementor-widget elementor-widget-image\" data-id=\"e2ea6f2\" data-element_type=\"widget\" data-e-type=\"widget\" data-widget_type=\"image.default\">\n\t\t\t\t<div class=\"elementor-widget-container\">\n\t\t\t\t\t\t\t\t\t\t\t\t\t\t\t<img decoding=\"async\" width=\"900\" height=\"600\" src=\"https:\/\/familienhotelkaernten.at\/wp-content\/uploads\/2024\/07\/Trebesingerhof-32-final-1024x683.jpg\" class=\"elementor-animation-grow attachment-large size-large wp-image-2391\" alt=\"\" srcset=\"https:\/\/familienhotelkaernten.at\/wp-content\/uploads\/2024\/07\/Trebesingerhof-32-final-1024x683.jpg 1024w, https:\/\/familienhotelkaernten.at\/wp-content\/uploads\/2024\/07\/Trebesingerhof-32-final-300x200.jpg 300w, https:\/\/familienhotelkaernten.at\/wp-content\/uploads\/2024\/07\/Trebesingerhof-32-final-768x512.jpg 768w, https:\/\/familienhotelkaernten.at\/wp-content\/uploads\/2024\/07\/Trebesingerhof-32-final-1536x1024.jpg 1536w, https:\/\/familienhotelkaernten.at\/wp-content\/uploads\/2024\/07\/Trebesingerhof-32-final-2048x1365.jpg 2048w, https:\/\/familienhotelkaernten.at\/wp-content\/uploads\/2024\/07\/Trebesingerhof-32-final-540x360.jpg 540w, https:\/\/familienhotelkaernten.at\/wp-content\/uploads\/2024\/07\/Trebesingerhof-32-final-600x400.jpg 600w\" sizes=\"(max-width: 900px) 100vw, 900px\" \/>\t\t\t\t\t\t\t\t\t\t\t\t\t\t\t<\/div>\n\t\t\t\t<\/div>\n\t\t\t\t<\/div>\n\t\t<div class=\"elementor-element elementor-element-6ed8fd0 e-con-full e-flex e-con e-child\" data-id=\"6ed8fd0\" data-element_type=\"container\" data-e-type=\"container\">\n\t\t\t\t<div class=\"elementor-element elementor-element-3c98c36 elementor-widget elementor-widget-patara-title\" data-id=\"3c98c36\" data-element_type=\"widget\" data-e-type=\"widget\" data-widget_type=\"patara-title.default\">\n\t\t\t\t<div class=\"elementor-widget-container\">\n\t\t\t\t\t\t\t\n\t\t\n\t\t\t<h3 class=\"section-subtitle black text-left\">Familienhotel Trebesingerhof<\/h3>\t\t\t\t\n\t\t\t<h4 class=\"section-title black text-left\">SAUNA & WHIRLPOOL<\/h4>\t\t\t\t\n\t\t\t\n        \n\t\t\t\n        \t\t\t\t<\/div>\n\t\t\t\t<\/div>\n\t\t\t\t<div class=\"elementor-element elementor-element-449b222 elementor-widget elementor-widget-patara-text\" data-id=\"449b222\" data-element_type=\"widget\" data-e-type=\"widget\" data-widget_type=\"patara-text.default\">\n\t\t\t\t<div class=\"elementor-widget-container\">\n\t\t\t\t\t\t\t\n\t\t<div class=\"section-text text-left black\"><div id=\"1731881653\" class=\"dmNewParagraph\" data-element-type=\"paragraph\" data-version=\"5\"><p style=\"font-size: 20px; color: #9ea57c;\"><strong>Ob ganz private Auszeit<\/strong> oder <strong>gemeinsame Wellnesszeit mit anderen G\u00e4sten<\/strong>, bei uns kommt jeder auf seine Kosten!<\/p><p style=\"font-size: 18px;\">Nutzen Sie unsere <strong>Sauna<\/strong>, <strong>Infrarotkabine<\/strong> und das <strong>Dampfbad<\/strong> ganz individuell. Ihren Saunaslot reservieren Sie einfach zwischen 08 Uhr und 15 Uhr <span style=\"color: #9ea57c;\"><strong>kostenlos<\/strong><\/span> an der Rezeption. Nach 15 Uhr ist ist keine Reservierung notwendig<\/p><\/div><\/div>\n\t\t\n\t\t\t\n        \t\t\t\t<\/div>\n\t\t\t\t<\/div>\n\t\t\t\t<\/div>\n\t\t\t\t<\/div>\n\t\t\t\t\t<\/div>\n\t\t\t\t<\/div>\n\t\t<div class=\"elementor-element elementor-element-4f9f6a5 e-flex e-con-boxed e-con e-parent\" data-id=\"4f9f6a5\" data-element_type=\"container\" data-e-type=\"container\" data-settings=\"{&quot;background_background&quot;:&quot;classic&quot;}\">\n\t\t\t\t\t<div class=\"e-con-inner\">\n\t\t<div class=\"elementor-element elementor-element-009efd4 e-con-full e-flex e-con e-child\" data-id=\"009efd4\" data-element_type=\"container\" data-e-type=\"container\" data-settings=\"{&quot;background_background&quot;:&quot;classic&quot;}\">\n\t\t<div class=\"elementor-element elementor-element-0512203 e-con-full e-flex e-con e-child\" data-id=\"0512203\" data-element_type=\"container\" data-e-type=\"container\">\n\t\t\t\t<div class=\"elementor-element elementor-element-c13e33a elementor-widget elementor-widget-patara-title\" data-id=\"c13e33a\" data-element_type=\"widget\" data-e-type=\"widget\" data-widget_type=\"patara-title.default\">\n\t\t\t\t<div class=\"elementor-widget-container\">\n\t\t\t\t\t\t\t\n\t\t\n\t\t\t<h3 class=\"section-subtitle black text-left\">Familienhotel Trebesingerhof<\/h3>\t\t\t\t\n\t\t\t<h4 class=\"section-title black text-left\">FITNESSRAUM<\/h4>\t\t\t\t\n\t\t\t\n        \n\t\t\t\n        \t\t\t\t<\/div>\n\t\t\t\t<\/div>\n\t\t\t\t<div class=\"elementor-element elementor-element-48bb9f1 elementor-widget elementor-widget-patara-text\" data-id=\"48bb9f1\" data-element_type=\"widget\" data-e-type=\"widget\" data-widget_type=\"patara-text.default\">\n\t\t\t\t<div class=\"elementor-widget-container\">\n\t\t\t\t\t\t\t\n\t\t<div class=\"section-text text-left black\"><div id=\"1731881653\" class=\"dmNewParagraph\" data-element-type=\"paragraph\" data-version=\"5\"><p style=\"text-align: left; font-size: 19px;\"><strong>Fitnessraum:<\/strong><\/p><p style=\"text-align: left; font-size: 18px;\">Unser <span style=\"color: #9ea57c;\"><strong>Fitnessraum<\/strong><\/span> bietet eine kleine, aber feine Auswahl an Ger\u00e4ten, um sich auch im Urlaub oder bei Schlechtwetter sportlich zu bet\u00e4tigen. Der Raum ist <span style=\"color: #9ea57c;\"><strong>rund um die Uhr<\/strong><\/span> f\u00fcr Sie zug\u00e4nglich. (Benutzung auf eigene Gefahr)<\/p><\/div><\/div>\n\t\t\n\t\t\t\n        \t\t\t\t<\/div>\n\t\t\t\t<\/div>\n\t\t\t\t<\/div>\n\t\t\t\t<\/div>\n\t\t\t\t\t<\/div>\n\t\t\t\t<\/div>\n\t\t<div class=\"elementor-element elementor-element-c4e3f07 e-flex e-con-boxed e-con e-parent\" data-id=\"c4e3f07\" data-element_type=\"container\" data-e-type=\"container\" data-settings=\"{&quot;background_background&quot;:&quot;classic&quot;}\">\n\t\t\t\t\t<div class=\"e-con-inner\">\n\t\t<div class=\"elementor-element elementor-element-366533f e-con-full e-flex e-con e-child\" data-id=\"366533f\" data-element_type=\"container\" data-e-type=\"container\" data-settings=\"{&quot;background_background&quot;:&quot;classic&quot;}\">\n\t\t<div class=\"elementor-element elementor-element-4a47437 e-con-full e-flex e-con e-child\" data-id=\"4a47437\" data-element_type=\"container\" data-e-type=\"container\">\n\t\t\t\t<div class=\"elementor-element elementor-element-df6e674 elementor-widget elementor-widget-image\" data-id=\"df6e674\" data-element_type=\"widget\" data-e-type=\"widget\" data-widget_type=\"image.default\">\n\t\t\t\t<div class=\"elementor-widget-container\">\n\t\t\t\t\t\t\t\t\t\t\t\t\t\t\t<img decoding=\"async\" width=\"664\" height=\"414\" src=\"https:\/\/familienhotelkaernten.at\/wp-content\/uploads\/2024\/07\/kaernten-card1-e1720787356851.webp\" class=\"elementor-animation-grow attachment-large size-large wp-image-2288\" alt=\"\" srcset=\"https:\/\/familienhotelkaernten.at\/wp-content\/uploads\/2024\/07\/kaernten-card1-e1720787356851.webp 664w, https:\/\/familienhotelkaernten.at\/wp-content\/uploads\/2024\/07\/kaernten-card1-e1720787356851-300x187.webp 300w, https:\/\/familienhotelkaernten.at\/wp-content\/uploads\/2024\/07\/kaernten-card1-e1720787356851-600x374.webp 600w\" sizes=\"(max-width: 664px) 100vw, 664px\" \/>\t\t\t\t\t\t\t\t\t\t\t\t\t\t\t<\/div>\n\t\t\t\t<\/div>\n\t\t\t\t<\/div>\n\t\t<div class=\"elementor-element elementor-element-18c2571 e-con-full e-flex e-con e-child\" data-id=\"18c2571\" data-element_type=\"container\" data-e-type=\"container\">\n\t\t\t\t<div class=\"elementor-element elementor-element-fcd32a7 elementor-widget elementor-widget-patara-title\" data-id=\"fcd32a7\" data-element_type=\"widget\" data-e-type=\"widget\" data-widget_type=\"patara-title.default\">\n\t\t\t\t<div class=\"elementor-widget-container\">\n\t\t\t\t\t\t\t\n\t\t\n\t\t\t<h3 class=\"section-subtitle black text-left\">Familienhotel Trebesingerhof<\/h3>\t\t\t\t\n\t\t\t<h4 class=\"section-title black text-left\">K\u00c4RNTEN CARD<\/h4>\t\t\t\t\n\t\t\t\n        \n\t\t\t\n        \t\t\t\t<\/div>\n\t\t\t\t<\/div>\n\t\t\t\t<div class=\"elementor-element elementor-element-874bbcc elementor-widget elementor-widget-patara-text\" data-id=\"874bbcc\" data-element_type=\"widget\" data-e-type=\"widget\" data-widget_type=\"patara-text.default\">\n\t\t\t\t<div class=\"elementor-widget-container\">\n\t\t\t\t\t\t\t\n\t\t<div class=\"section-text text-left black\"><div id=\"1731881653\" class=\"dmNewParagraph\" data-element-type=\"paragraph\" data-version=\"5\"><p style=\"text-align: left; font-size: 19px;\"><strong>K\u00e4rnten Card inklusive:<\/strong><\/p><p style=\"text-align: left; font-size: 18px;\">Zu jeder Buchung erhalten Sie im Sommer die <span style=\"color: #9ea57c;\"><strong>K\u00e4rnten Card GRATIS<\/strong><\/span>. Mit der K\u00e4rnten Card h\u00e4lt man den Schl\u00fcssel f\u00fcr <strong>Erlebnis, Spa\u00df<\/strong> und jede Menge Vorteile in der Hand. Sie \u00f6ffnet die T\u00fcren zu t\u00e4glich \u00fcber <span style=\"color: #9ea57c;\"><strong>100 Ausflugszielen<\/strong><\/span> (Bergbahnen, Schifffahrt, Museen, Tierparks, Panoramastra\u00dfen, Erlebnisb\u00e4der und mehr) in K\u00e4rnten.<\/p><p style=\"text-align: left; font-size: 18px;\">Au\u00dferdem gibt es mit der K\u00e4rnten Card bei \u00fcber <strong>60 Bonuspartnern<\/strong> tolle Erm\u00e4\u00dfigungen.<\/p><p style=\"text-align: left; font-size: 18px;\"><em>Gilt f\u00fcr alle \u00dcbernachtungen.<\/em><\/p><\/div><\/div>\n\t\t\n\t\t\t\n        \t\t\t\t<\/div>\n\t\t\t\t<\/div>\n\t\t\t\t<div class=\"elementor-element elementor-element-a6e7708 elementor-widget elementor-widget-patara-button\" data-id=\"a6e7708\" data-element_type=\"widget\" data-e-type=\"widget\" data-widget_type=\"patara-button.default\">\n\t\t\t\t<div class=\"elementor-widget-container\">\n\t\t\t\t\t\n\t\t<div class=\"float-left\">\n            <div class=\"sec-button butn-dark\"><a href=\"https:\/\/cdn.website-editor.net\/s\/353951cbf21e4a14a4ded9b844b93321\/files\/uploaded\/AGB%2520Familienhotel%2520Trebesingerhof.pdf?Expires=1723714626&#038;Signature=H0~LJ~lMgxw8PguYZtiUP4CQVLg0EAmdWq6fWloZhN51rGylhZ21fPyYsEZPwP2-53o-J3jUCuc9l31ZjnMHRU9EySQ2t01zGRQNkY5SImzjTtA7GRhiQqUf9eJuQEpo0zP6TsYYSpwMPHOb6idReDJPbrNq~Ql~EYyUC68ZLp7KcT8B5zkvK1LVE4WDAA8j39kBfWb5uuN01cV2CLH64AEb71ie2nxjvVsvROODr1GoQG5RcMfVFZlyLpYIK8EoGNKlOU7XayWVFdFZ3P489iQRtffjcXe0kjdHkKFSeFl3oWuDAcBQv4XVw4bt-ISoNzkiC03v20mJNSBAxruDwQ__&#038;Key-Pair-Id=K2NXBXLF010TJW\" target=\"_self\" rel=\"noopener noreferrer\"><span>Mehr Erfahren<\/span><\/a><\/div>\t\t\n\t\t<\/div>\t\t\n\n        \t\t\t\t<\/div>\n\t\t\t\t<\/div>\n\t\t\t\t<\/div>\n\t\t\t\t<\/div>\n\t\t\t\t\t<\/div>\n\t\t\t\t<\/div>\n\t\t<div class=\"elementor-element elementor-element-ab0ec79 e-flex e-con-boxed e-con e-parent\" data-id=\"ab0ec79\" data-element_type=\"container\" data-e-type=\"container\" data-settings=\"{&quot;background_background&quot;:&quot;classic&quot;}\">\n\t\t\t\t\t<div class=\"e-con-inner\">\n\t\t<div class=\"elementor-element elementor-element-f8b21a2 e-con-full e-flex e-con e-child\" data-id=\"f8b21a2\" data-element_type=\"container\" data-e-type=\"container\" data-settings=\"{&quot;background_background&quot;:&quot;classic&quot;}\">\n\t\t<div class=\"elementor-element elementor-element-236c00e e-con-full e-flex e-con e-child\" data-id=\"236c00e\" data-element_type=\"container\" data-e-type=\"container\">\n\t\t\t\t<div class=\"elementor-element elementor-element-bf13f2c elementor-widget elementor-widget-image\" data-id=\"bf13f2c\" data-element_type=\"widget\" data-e-type=\"widget\" data-widget_type=\"image.default\">\n\t\t\t\t<div class=\"elementor-widget-container\">\n\t\t\t\t\t\t\t\t\t\t\t\t\t\t\t<img loading=\"lazy\" decoding=\"async\" width=\"900\" height=\"600\" src=\"https:\/\/familienhotelkaernten.at\/wp-content\/uploads\/2024\/08\/Trebesingerhof-271-1024x683.jpg\" class=\"elementor-animation-grow attachment-large size-large wp-image-4060\" alt=\"\" srcset=\"https:\/\/familienhotelkaernten.at\/wp-content\/uploads\/2024\/08\/Trebesingerhof-271-1024x683.jpg 1024w, https:\/\/familienhotelkaernten.at\/wp-content\/uploads\/2024\/08\/Trebesingerhof-271-300x200.jpg 300w, https:\/\/familienhotelkaernten.at\/wp-content\/uploads\/2024\/08\/Trebesingerhof-271-768x512.jpg 768w, https:\/\/familienhotelkaernten.at\/wp-content\/uploads\/2024\/08\/Trebesingerhof-271-1536x1024.jpg 1536w, https:\/\/familienhotelkaernten.at\/wp-content\/uploads\/2024\/08\/Trebesingerhof-271-2048x1365.jpg 2048w, https:\/\/familienhotelkaernten.at\/wp-content\/uploads\/2024\/08\/Trebesingerhof-271-540x360.jpg 540w, https:\/\/familienhotelkaernten.at\/wp-content\/uploads\/2024\/08\/Trebesingerhof-271-600x400.jpg 600w\" sizes=\"(max-width: 900px) 100vw, 900px\" \/>\t\t\t\t\t\t\t\t\t\t\t\t\t\t\t<\/div>\n\t\t\t\t<\/div>\n\t\t\t\t<\/div>\n\t\t<div class=\"elementor-element elementor-element-0260bd3 e-con-full e-flex e-con e-child\" data-id=\"0260bd3\" data-element_type=\"container\" data-e-type=\"container\">\n\t\t\t\t<div class=\"elementor-element elementor-element-2c45d12 elementor-widget elementor-widget-patara-title\" data-id=\"2c45d12\" data-element_type=\"widget\" data-e-type=\"widget\" data-widget_type=\"patara-title.default\">\n\t\t\t\t<div class=\"elementor-widget-container\">\n\t\t\t\t\t\t\t\n\t\t\n\t\t\t<h3 class=\"section-subtitle black text-left\">Familienhotel Trebesingerhof<\/h3>\t\t\t\t\n\t\t\t<h4 class=\"section-title black text-left\">HOTELBAR<\/h4>\t\t\t\t\n\t\t\t\n        \n\t\t\t\n        \t\t\t\t<\/div>\n\t\t\t\t<\/div>\n\t\t\t\t<div class=\"elementor-element elementor-element-f57181b elementor-widget elementor-widget-patara-text\" data-id=\"f57181b\" data-element_type=\"widget\" data-e-type=\"widget\" data-widget_type=\"patara-text.default\">\n\t\t\t\t<div class=\"elementor-widget-container\">\n\t\t\t\t\t\t\t\n\t\t<div class=\"section-text text-left black\"><div id=\"1731881653\" class=\"dmNewParagraph\" data-element-type=\"paragraph\" data-version=\"5\">\n  <p style=\"text-align: left; font-size: 19px;\"><strong>Bar-\u00d6ffnungszeiten:<\/strong><\/p>\n  \n  <p style=\"text-align: left; font-size: 18px;\">\n    <span style=\"color: #9ea57c;\"><strong>T\u00e4glich ab 15:00 Uhr<\/strong><\/span> hat unsere Bar f\u00fcr Sie ge\u00f6ffnet. Ob <strong>Bier<\/strong>, <strong>Wein<\/strong>, <strong>Kaffeespezialit\u00e4ten<\/strong> oder liebevoll gemixte <strong>Cocktails<\/strong> \u2013 hier ist f\u00fcr jeden Geschmack etwas dabei.\n  <\/p>\n\n  <p style=\"text-align: left; font-size: 18px;\">\n    Bei chilliger Musik und netten Gespr\u00e4chen k\u00f6nnen Sie den Nachmittag und Abend entspannt ausklingen lassen.\n  <\/p>\n<\/div><\/div>\n\t\t\n\t\t\t\n        \t\t\t\t<\/div>\n\t\t\t\t<\/div>\n\t\t\t\t<div class=\"elementor-element elementor-element-2ee0bfa elementor-widget elementor-widget-patara-button\" data-id=\"2ee0bfa\" data-element_type=\"widget\" data-e-type=\"widget\" data-widget_type=\"patara-button.default\">\n\t\t\t\t<div class=\"elementor-widget-container\">\n\t\t\t\t\t\n\t\t<div class=\"float-left\">\n            <div class=\"sec-button butn-dark\"><a href=\"https:\/\/familienhotelkaernten.at\/\/index.php\/restaurant\/\" target=\"_self\" rel=\"noopener noreferrer\"><span>Restaurant & Bar<\/span><\/a><\/div>\t\t\n\t\t<\/div>\t\t\n\n        \t\t\t\t<\/div>\n\t\t\t\t<\/div>\n\t\t\t\t<\/div>\n\t\t\t\t<\/div>\n\t\t\t\t\t<\/div>\n\t\t\t\t<\/div>\n\t\t<div class=\"elementor-element elementor-element-ad27d5c e-flex e-con-boxed e-con e-parent\" data-id=\"ad27d5c\" data-element_type=\"container\" data-e-type=\"container\" data-settings=\"{&quot;background_background&quot;:&quot;classic&quot;}\">\n\t\t\t\t\t<div class=\"e-con-inner\">\n\t\t<div class=\"elementor-element elementor-element-099ae24 e-con-full e-flex e-con e-child\" data-id=\"099ae24\" data-element_type=\"container\" data-e-type=\"container\">\n\t\t\t\t<div class=\"elementor-element elementor-element-6835cd9 elementor-widget elementor-widget-patara-gallery\" data-id=\"6835cd9\" data-element_type=\"widget\" data-e-type=\"widget\" data-widget_type=\"patara-gallery.default\">\n\t\t\t\t<div class=\"elementor-widget-container\">\n\t\t\t\t\t\t\t\t\t<div class=\"sec-gallery\">\n\t\t\t<div class=\"container-after-gallery\">\n\t\t\t<div class=\"row patara-gallery-items isotope-items-wrap loadmore-wrapper-gallery\" data-load-item=\"10000000\" data-button-text=\"Mehr laden\">\t\n\t\t\t\t\t\t\t\t\t\t\t\t\t\t\t\t\n\t\t\t\t\t<div class=\"col-md-4 patara-masonry-wrapper single-item isotope-item-gallery\">\t\n\t\t\t\t\t\t<div class=\"gallery-item\">\n\t\t\t\t\t\t\t<div class=\"img-card\">\n\t\t\t\t\t\t\t\t<a href=\"https:\/\/familienhotelkaernten.at\/\/wp-content\/uploads\/2024\/08\/GolfclubMillstaetterSee-1920w.webp\"  class=\"img-zoom\">\n\t\t\t\t\t\t\t\t\t<div class=\"img-block\">\n\t\t\t\t\t\t\t\t\t\t<div class=\"wrapper-img\"> <img decoding=\"async\" src=\"https:\/\/familienhotelkaernten.at\/\/wp-content\/uploads\/2024\/08\/GolfclubMillstaetterSee-1920w.webp\" alt=\"\"  class=\"img-fluid mx-auto d-block\"> <\/div>\n\t\t\t\t\t\t\t\t\t\t\t\n\t\t\t\t\t\t\t\t\t<\/div>\t\t\t\t\t\t\t\t\t\n\t\t\t\t\t\t\t\t<\/a>\t\t\t\t\t\t\t\n\t\t\t\t\t\t\t<\/div>\n\t\t\t\t\t\t<\/div>\n\t\t\t\t\t<\/div>\n\t\t\t\t\t\n\t\t\t\t\t\t\t\t\t\t\t\t\t\t\t\t\n\t\t\t\t\t<div class=\"col-md-4 patara-masonry-wrapper single-item isotope-item-gallery\">\t\n\t\t\t\t\t\t<div class=\"gallery-item\">\n\t\t\t\t\t\t\t<div class=\"img-card\">\n\t\t\t\t\t\t\t\t<a href=\"https:\/\/familienhotelkaernten.at\/\/wp-content\/uploads\/2024\/08\/wheel-3714047_1920-1920w-e1723632440172.webp\"  class=\"img-zoom\">\n\t\t\t\t\t\t\t\t\t<div class=\"img-block\">\n\t\t\t\t\t\t\t\t\t\t<div class=\"wrapper-img\"> <img decoding=\"async\" src=\"https:\/\/familienhotelkaernten.at\/\/wp-content\/uploads\/2024\/08\/wheel-3714047_1920-1920w-e1723632440172.webp\" alt=\"\"  class=\"img-fluid mx-auto d-block\"> <\/div>\n\t\t\t\t\t\t\t\t\t\t\t\n\t\t\t\t\t\t\t\t\t<\/div>\t\t\t\t\t\t\t\t\t\n\t\t\t\t\t\t\t\t<\/a>\t\t\t\t\t\t\t\n\t\t\t\t\t\t\t<\/div>\n\t\t\t\t\t\t<\/div>\n\t\t\t\t\t<\/div>\n\t\t\t\t\t\n\t\t\t\t\t\t\t\t\t\t\t\t\t\t\t\t\n\t\t\t\t\t<div class=\"col-md-4 patara-masonry-wrapper single-item isotope-item-gallery\">\t\n\t\t\t\t\t\t<div class=\"gallery-item\">\n\t\t\t\t\t\t\t<div class=\"img-card\">\n\t\t\t\t\t\t\t\t<a href=\"https:\/\/familienhotelkaernten.at\/\/wp-content\/uploads\/2024\/08\/vacanza-a-settembre_hotel-per-famiglie_carinzia_austria_Familienhotel_Trebesingerhof_9-1920w.webp\"  class=\"img-zoom\">\n\t\t\t\t\t\t\t\t\t<div class=\"img-block\">\n\t\t\t\t\t\t\t\t\t\t<div class=\"wrapper-img\"> <img decoding=\"async\" src=\"https:\/\/familienhotelkaernten.at\/\/wp-content\/uploads\/2024\/08\/vacanza-a-settembre_hotel-per-famiglie_carinzia_austria_Familienhotel_Trebesingerhof_9-1920w.webp\" alt=\"\"  class=\"img-fluid mx-auto d-block\"> <\/div>\n\t\t\t\t\t\t\t\t\t\t\t\n\t\t\t\t\t\t\t\t\t<\/div>\t\t\t\t\t\t\t\t\t\n\t\t\t\t\t\t\t\t<\/a>\t\t\t\t\t\t\t\n\t\t\t\t\t\t\t<\/div>\n\t\t\t\t\t\t<\/div>\n\t\t\t\t\t<\/div>\n\t\t\t\t\t\n\t\t\t\t\t\t\t\t\t\t\t\t\t\t\t\t\n\t\t\t\t\t<div class=\"col-md-4 patara-masonry-wrapper single-item isotope-item-gallery\">\t\n\t\t\t\t\t\t<div class=\"gallery-item\">\n\t\t\t\t\t\t\t<div class=\"img-card\">\n\t\t\t\t\t\t\t\t<a href=\"https:\/\/familienhotelkaernten.at\/\/wp-content\/uploads\/2024\/08\/GolfmitGenerationen-1920w.webp\"  class=\"img-zoom\">\n\t\t\t\t\t\t\t\t\t<div class=\"img-block\">\n\t\t\t\t\t\t\t\t\t\t<div class=\"wrapper-img\"> <img decoding=\"async\" src=\"https:\/\/familienhotelkaernten.at\/\/wp-content\/uploads\/2024\/08\/GolfmitGenerationen-1920w.webp\" alt=\"\"  class=\"img-fluid mx-auto d-block\"> <\/div>\n\t\t\t\t\t\t\t\t\t\t\t\n\t\t\t\t\t\t\t\t\t<\/div>\t\t\t\t\t\t\t\t\t\n\t\t\t\t\t\t\t\t<\/a>\t\t\t\t\t\t\t\n\t\t\t\t\t\t\t<\/div>\n\t\t\t\t\t\t<\/div>\n\t\t\t\t\t<\/div>\n\t\t\t\t\t\n\t\t\t\t\t\t\t\t\t\t\t\t\t\t\t\t\n\t\t\t\t\t<div class=\"col-md-4 patara-masonry-wrapper single-item isotope-item-gallery\">\t\n\t\t\t\t\t\t<div class=\"gallery-item\">\n\t\t\t\t\t\t\t<div class=\"img-card\">\n\t\t\t\t\t\t\t\t<a href=\"https:\/\/familienhotelkaernten.at\/\/wp-content\/uploads\/2024\/08\/FamilienhotelTrebesingerhof_golfurlaub-2Cfamilie-2Ckinder-2Cgolfland-2Cfamilienhotel-2Calpe-2Cadria-2Cgolf-Packagebild1-1920w-e1722950642313.webp\"  class=\"img-zoom\">\n\t\t\t\t\t\t\t\t\t<div class=\"img-block\">\n\t\t\t\t\t\t\t\t\t\t<div class=\"wrapper-img\"> <img decoding=\"async\" src=\"https:\/\/familienhotelkaernten.at\/\/wp-content\/uploads\/2024\/08\/FamilienhotelTrebesingerhof_golfurlaub-2Cfamilie-2Ckinder-2Cgolfland-2Cfamilienhotel-2Calpe-2Cadria-2Cgolf-Packagebild1-1920w-e1722950642313.webp\" alt=\"\"  class=\"img-fluid mx-auto d-block\"> <\/div>\n\t\t\t\t\t\t\t\t\t\t\t\n\t\t\t\t\t\t\t\t\t<\/div>\t\t\t\t\t\t\t\t\t\n\t\t\t\t\t\t\t\t<\/a>\t\t\t\t\t\t\t\n\t\t\t\t\t\t\t<\/div>\n\t\t\t\t\t\t<\/div>\n\t\t\t\t\t<\/div>\n\t\t\t\t\t\n\t\t\t\t\t\t\t\t\t\t\t\t\t\t\t\t\n\t\t\t\t\t<div class=\"col-md-4 patara-masonry-wrapper single-item isotope-item-gallery\">\t\n\t\t\t\t\t\t<div class=\"gallery-item\">\n\t\t\t\t\t\t\t<div class=\"img-card\">\n\t\t\t\t\t\t\t\t<a href=\"https:\/\/familienhotelkaernten.at\/\/wp-content\/uploads\/2024\/07\/pexels-erik-mclean-4529772-1920w.webp\"  class=\"img-zoom\">\n\t\t\t\t\t\t\t\t\t<div class=\"img-block\">\n\t\t\t\t\t\t\t\t\t\t<div class=\"wrapper-img\"> <img decoding=\"async\" src=\"https:\/\/familienhotelkaernten.at\/\/wp-content\/uploads\/2024\/07\/pexels-erik-mclean-4529772-1920w.webp\" alt=\"\"  class=\"img-fluid mx-auto d-block\"> <\/div>\n\t\t\t\t\t\t\t\t\t\t\t\n\t\t\t\t\t\t\t\t\t<\/div>\t\t\t\t\t\t\t\t\t\n\t\t\t\t\t\t\t\t<\/a>\t\t\t\t\t\t\t\n\t\t\t\t\t\t\t<\/div>\n\t\t\t\t\t\t<\/div>\n\t\t\t\t\t<\/div>\n\t\t\t\t\t\n\t\t\t\t\t\n\t\t\t<\/div>\t\t\t\t\n\t\t\t<\/div>\t\t\t\t\n\t\t<\/div>\t\t\t\t\n\n        \t\t\t\t<\/div>\n\t\t\t\t<\/div>\n\t\t\t\t<\/div>\n\t\t\t\t\t<\/div>\n\t\t\t\t<\/div>\n\t\t<div class=\"elementor-element elementor-element-ec82f0c e-flex e-con-boxed e-con e-parent\" data-id=\"ec82f0c\" data-element_type=\"container\" data-e-type=\"container\" data-settings=\"{&quot;background_background&quot;:&quot;classic&quot;}\">\n\t\t\t\t\t<div class=\"e-con-inner\">\n\t\t\t\t<div class=\"elementor-element elementor-element-574d60b elementor-widget elementor-widget-patara-room-search\" data-id=\"574d60b\" data-element_type=\"widget\" data-e-type=\"widget\" data-widget_type=\"patara-room-search.default\">\n\t\t\t\t<div class=\"elementor-widget-container\">\n\t\t\t\t\t\t\t\n\t\t\n    \t\t\t\t<\/div>\n\t\t\t\t<\/div>\n\t\t\t\t\t<\/div>\n\t\t\t\t<\/div>\n\t\t\t\t<\/div>\n\t\t","protected":false},"excerpt":{"rendered":"<p>Familienhotel Trebesingerhof Unser Angebot f\u00fcr Erwachsene Zu Unseren Angeboten Familienhotel Trebesingerhof Unser Angebot f\u00fcr Erwachsene Zu Unseren Angeboten Familienhotel Trebesingerhof Unser Angebot f\u00fcr Erwachsene Zu Unseren Angeboten Familienhotel Trebesingerhof Unser Angebot f\u00fcr Erwachsene Zu Unseren Angeboten Familienhotel Trebesingerhof Unser Angebot f\u00fcr Erwachsene Zu Unseren Angeboten Familienhotel Trebesingerhof Unser Angebot f\u00fcr Erwachsene Zu Unseren Angeboten Familienhotel Trebesingerhof Unser Angebot f\u00fcr Erwachsene<\/p>\n","protected":false},"author":1,"featured_media":0,"parent":0,"menu_order":0,"comment_status":"closed","ping_status":"closed","template":"elementor_header_footer","meta":{"footnotes":"","_links_to":"","_links_to_target":""},"class_list":["post-3433","page","type-page","status-publish","hentry"],"aioseo_notices":[],"meta_box":[],"_links":{"self":[{"href":"https:\/\/familienhotelkaernten.at\/index.php\/wp-json\/wp\/v2\/pages\/3433","targetHints":{"allow":["GET"]}}],"collection":[{"href":"https:\/\/familienhotelkaernten.at\/index.php\/wp-json\/wp\/v2\/pages"}],"about":[{"href":"https:\/\/familienhotelkaernten.at\/index.php\/wp-json\/wp\/v2\/types\/page"}],"author":[{"embeddable":true,"href":"https:\/\/familienhotelkaernten.at\/index.php\/wp-json\/wp\/v2\/users\/1"}],"replies":[{"embeddable":true,"href":"https:\/\/familienhotelkaernten.at\/index.php\/wp-json\/wp\/v2\/comments?post=3433"}],"version-history":[{"count":158,"href":"https:\/\/familienhotelkaernten.at\/index.php\/wp-json\/wp\/v2\/pages\/3433\/revisions"}],"predecessor-version":[{"id":6784,"href":"https:\/\/familienhotelkaernten.at\/index.php\/wp-json\/wp\/v2\/pages\/3433\/revisions\/6784"}],"wp:attachment":[{"href":"https:\/\/familienhotelkaernten.at\/index.php\/wp-json\/wp\/v2\/media?parent=3433"}],"curies":[{"name":"wp","href":"https:\/\/api.w.org\/{rel}","templated":true}]}}