{"id":3266,"date":"2024-07-25T13:39:38","date_gmt":"2024-07-25T13:39:38","guid":{"rendered":"https:\/\/sweet-varahamihira.3-64-106-182.plesk.page\/?page_id=3266"},"modified":"2026-04-23T11:19:36","modified_gmt":"2026-04-23T11:19:36","slug":"kinder","status":"publish","type":"page","link":"https:\/\/familienhotelkaernten.at\/index.php\/kinder\/","title":{"rendered":"Kinder"},"content":{"rendered":"\t\t<div data-elementor-type=\"wp-page\" data-elementor-id=\"3266\" class=\"elementor elementor-3266\" data-elementor-post-type=\"page\">\n\t\t\t\t<div class=\"elementor-element elementor-element-bc9f99d e-con-full e-flex e-con e-parent\" data-id=\"bc9f99d\" data-element_type=\"container\" data-e-type=\"container\" data-settings=\"{&quot;background_background&quot;:&quot;classic&quot;}\">\n\t\t\t\t<div class=\"elementor-element elementor-element-81bc87a elementor-widget elementor-widget-patara-banner-image\" data-id=\"81bc87a\" data-element_type=\"widget\" data-e-type=\"widget\" data-widget_type=\"patara-banner-image.default\">\n\t\t\t\t<div class=\"elementor-widget-container\">\n\t\t\t\t\t\t\t\n\t<!-- Header Banner -->\n\t<header class=\"header\">\n\n\t\t\t\t<div class=\"banner-header full-height valign bg-img bg-fixed text-center\" data-overlay-dark=\"5\" data-background=\"https:\/\/familienhotelkaernten.at\/\/wp-content\/uploads\/2024\/07\/Trebesingerhof-85-final-scaled.jpg\">\n\t\t\t\t\t\t\t\t\t\t\t\t<div class=\"container\">\n\t\t\t\t\t<div class=\"row\">\n\t\t\t\t\t\t<div class=\"col-md-12 offset-0\">\n\t\t\t\t\t\t\t<div class=\"caption\">\n\n\t\t\t\t\t\t\t\t\t\t\t\t\t\t\t\t\n\t\t\t\t\t\t\t\t\n\t\t\t\t\t\t\t\t\t\t\t\t\t\t\t\t<h4 class=\"pt-slider-title1-class\">Was wir bieten<\/h4>\n\t\t\t\t\t\t\t\t\t\t\t\t\t\t\t\t\t\t\t\t\t\t\t\t<h1 class=\"pt-slider-title2-class\">Unsere Kinderwelt<\/h1>\n\t\t\t\t\t\t\t\t\t\t\t\t\t\t\t\t\t\t\t\t\t\t\t\t<div class=\"butn-light mt-30 mb-30\"><a href=\"#kinderwelt\" target=\"_self\" rel=\"noopener noreferrer\"><span>Zum Angebot<\/span><\/a><\/div>\n\t\t\t\t\t\t\t\t\t\t\t\t\t\t\t<\/div>\t\t\t\t\t\t\n\t\t\t\t\t\t<\/div>\t\t\t\t\t\t\n\t\t\t\t\t<\/div>\n\t\t\t\t<\/div>\n\t\t\t\t\t\t\t\t<!-- button scroll -->\n\t\t\t\t<a href=\"#faq\" data-scroll-nav=\"1\" class=\"mouse smoothscroll\">\n\t\t\t\t\t<span class=\"mouse-icon\">\n\t\t\t\t\t\t<span class=\"mouse-wheel\"><\/span>\n\t\t\t\t\t<\/span>\n\t\t\t\t<\/a>\t\n\t\t\t\t\t\t\t\t\t\n\t\t\t\t\t\t\n        <\/div>\t\t\t\n\t<\/header>\t\t\n\t\t\t\n    \t\t\t\t<\/div>\n\t\t\t\t<\/div>\n\t\t\t\t<\/div>\n\t\t<div class=\"elementor-element elementor-element-56ef457 e-flex e-con-boxed e-con e-parent\" data-id=\"56ef457\" data-element_type=\"container\" data-e-type=\"container\" data-settings=\"{&quot;background_background&quot;:&quot;classic&quot;}\">\n\t\t\t\t\t<div class=\"e-con-inner\">\n\t\t<div class=\"elementor-element elementor-element-16b1837 e-con-full e-flex e-con e-child\" data-id=\"16b1837\" data-element_type=\"container\" data-e-type=\"container\" data-settings=\"{&quot;background_background&quot;:&quot;classic&quot;}\">\n\t\t<div class=\"elementor-element elementor-element-81c0b98 e-con-full e-flex e-con e-child\" data-id=\"81c0b98\" data-element_type=\"container\" data-e-type=\"container\">\n\t\t\t\t<div class=\"elementor-element elementor-element-ac2b7c7 elementor-widget elementor-widget-image\" data-id=\"ac2b7c7\" data-element_type=\"widget\" data-e-type=\"widget\" data-widget_type=\"image.default\">\n\t\t\t\t<div class=\"elementor-widget-container\">\n\t\t\t\t\t\t\t\t\t\t\t\t\t\t\t<img fetchpriority=\"high\" decoding=\"async\" width=\"900\" height=\"653\" src=\"https:\/\/familienhotelkaernten.at\/wp-content\/uploads\/2024\/07\/logo-trebesinger-hof-1024x743.webp\" class=\"attachment-large size-large wp-image-2210\" alt=\"\" srcset=\"https:\/\/familienhotelkaernten.at\/wp-content\/uploads\/2024\/07\/logo-trebesinger-hof-1024x743.webp 1024w, https:\/\/familienhotelkaernten.at\/wp-content\/uploads\/2024\/07\/logo-trebesinger-hof-600x436.webp 600w, https:\/\/familienhotelkaernten.at\/wp-content\/uploads\/2024\/07\/logo-trebesinger-hof-300x218.webp 300w, https:\/\/familienhotelkaernten.at\/wp-content\/uploads\/2024\/07\/logo-trebesinger-hof-768x558.webp 768w, https:\/\/familienhotelkaernten.at\/wp-content\/uploads\/2024\/07\/logo-trebesinger-hof.webp 1102w\" sizes=\"(max-width: 900px) 100vw, 900px\" \/>\t\t\t\t\t\t\t\t\t\t\t\t\t\t\t<\/div>\n\t\t\t\t<\/div>\n\t\t\t\t<\/div>\n\t\t<div class=\"elementor-element elementor-element-4a6de4c e-con-full e-flex e-con e-child\" data-id=\"4a6de4c\" data-element_type=\"container\" data-e-type=\"container\">\n\t\t\t\t<div class=\"elementor-element elementor-element-1c3ccff elementor-widget elementor-widget-patara-title\" data-id=\"1c3ccff\" data-element_type=\"widget\" data-e-type=\"widget\" data-widget_type=\"patara-title.default\">\n\t\t\t\t<div class=\"elementor-widget-container\">\n\t\t\t\t\t\t\t\n\t\t\n\t\t\t<h3 class=\"section-subtitle black text-center\">Familienhotel Trebesingerhof<\/h3>\t\t\t\t\n\t\t\t<h4 class=\"section-title black text-center\">Angebot f\u00fcr Kinder<\/h4>\t\t\t\t\n\t\t\t\n        \n\t\t\t\n        \t\t\t\t<\/div>\n\t\t\t\t<\/div>\n\t\t\t\t<\/div>\n\t\t\t\t<\/div>\n\t\t\t\t\t<\/div>\n\t\t\t\t<\/div>\n\t\t<div class=\"elementor-element elementor-element-c07d624 e-flex e-con-boxed e-con e-parent\" data-id=\"c07d624\" data-element_type=\"container\" data-e-type=\"container\" data-settings=\"{&quot;background_background&quot;:&quot;classic&quot;}\">\n\t\t\t\t\t<div class=\"e-con-inner\">\n\t\t<div class=\"elementor-element elementor-element-6b1e107 e-con-full e-flex e-con e-child\" data-id=\"6b1e107\" data-element_type=\"container\" data-e-type=\"container\" data-settings=\"{&quot;background_background&quot;:&quot;classic&quot;}\">\n\t\t<div class=\"elementor-element elementor-element-58607de e-con-full e-flex e-con e-child\" data-id=\"58607de\" data-element_type=\"container\" data-e-type=\"container\">\n\t\t\t\t<div class=\"elementor-element elementor-element-ede4b7b elementor-widget elementor-widget-image\" data-id=\"ede4b7b\" data-element_type=\"widget\" data-e-type=\"widget\" data-widget_type=\"image.default\">\n\t\t\t\t<div class=\"elementor-widget-container\">\n\t\t\t\t\t\t\t\t\t\t\t\t\t\t\t<img decoding=\"async\" width=\"900\" height=\"900\" src=\"https:\/\/familienhotelkaernten.at\/wp-content\/uploads\/2025\/03\/trbesongerhof-baby-krabbeln.jpg\" class=\"elementor-animation-grow attachment-large size-large wp-image-5980\" alt=\"\" srcset=\"https:\/\/familienhotelkaernten.at\/wp-content\/uploads\/2025\/03\/trbesongerhof-baby-krabbeln.jpg 1000w, https:\/\/familienhotelkaernten.at\/wp-content\/uploads\/2025\/03\/trbesongerhof-baby-krabbeln-300x300.jpg 300w, https:\/\/familienhotelkaernten.at\/wp-content\/uploads\/2025\/03\/trbesongerhof-baby-krabbeln-150x150.jpg 150w, https:\/\/familienhotelkaernten.at\/wp-content\/uploads\/2025\/03\/trbesongerhof-baby-krabbeln-768x768.jpg 768w, https:\/\/familienhotelkaernten.at\/wp-content\/uploads\/2025\/03\/trbesongerhof-baby-krabbeln-600x600.jpg 600w, https:\/\/familienhotelkaernten.at\/wp-content\/uploads\/2025\/03\/trbesongerhof-baby-krabbeln-100x100.jpg 100w\" sizes=\"(max-width: 900px) 100vw, 900px\" \/>\t\t\t\t\t\t\t\t\t\t\t\t\t\t\t<\/div>\n\t\t\t\t<\/div>\n\t\t\t\t<\/div>\n\t\t<div class=\"elementor-element elementor-element-2114f72 e-con-full e-flex e-con e-child\" data-id=\"2114f72\" data-element_type=\"container\" data-e-type=\"container\">\n\t\t\t\t<div class=\"elementor-element elementor-element-43e2251 elementor-widget elementor-widget-patara-title\" data-id=\"43e2251\" data-element_type=\"widget\" data-e-type=\"widget\" data-widget_type=\"patara-title.default\">\n\t\t\t\t<div class=\"elementor-widget-container\">\n\t\t\t\t\t\t\t\n\t\t\n\t\t\t<h3 class=\"section-subtitle black text-left\"> F\u00fcr Babys und Kleinkinder von 0-2 Jahren<\/h3>\t\t\t\t\n\t\t\t<h4 class=\"section-title black text-left\">ANGEBOT - MINIS<\/h4>\t\t\t\t\n\t\t\t\n        \n\t\t\t\n        \t\t\t\t<\/div>\n\t\t\t\t<\/div>\n\t\t\t\t<div class=\"elementor-element elementor-element-344d54a elementor-widget elementor-widget-patara-text\" data-id=\"344d54a\" data-element_type=\"widget\" data-e-type=\"widget\" data-widget_type=\"patara-text.default\">\n\t\t\t\t<div class=\"elementor-widget-container\">\n\t\t\t\t\t\t\t\n\t\t<div class=\"section-text text-left black\"><div id=\"1731881653\" class=\"dmNewParagraph\" data-element-type=\"paragraph\" data-version=\"5\">\n  <p style=\"text-align: left; font-size: 19px;\"><strong>Unser Haus<\/strong> ist komplett baby- und kindgerecht ausgestattet.<\/p>\n  \n  <p style=\"text-align: left; font-size: 18px;\">\n    Von <span style=\"color: #9ea57c;\"><strong>Gitterbett<\/strong><\/span> \u00fcber <span style=\"color: #9ea57c;\"><strong>Wasserkocher<\/strong><\/span> bis hin zu <strong>Wippe, Hochstuhl<\/strong> und <strong>L\u00e4tzchen<\/strong> im Restaurant \u2013 alles ist vorhanden.\n  <\/p>\n\n  <p style=\"text-align: left; font-size: 18px;\">\n    Im <span style=\"color: #9ea57c;\"><strong>\"Krabbelraum\"<\/strong><\/span> k\u00f6nnen Sie mit Ihren Kleinsten altersgerechtes Spielzeug entdecken und ausprobieren. Der Spa\u00df geht im beheizten <strong>Babypool (34\u00b0C)<\/strong> weiter.\n  <\/p>\n\n  <p style=\"text-align: left; font-size: 18px;\">\n    F\u00fcr einen entspannten Abend bieten wir auf Anfrage eine <strong>Betreuung f\u00fcr Babys und Kleinkinder (0-2 Jahre)<\/strong> an, nach Terminvereinbarung und Verf\u00fcgbarkeit.\n  <\/p>\n\n  <p style=\"text-align: left; font-size: 18px;\">\n    Unser gesamtes Hotel ist <span style=\"color: #9ea57c;\"><strong>kindersicher<\/strong><\/span> \u2013 alle Steckdosen sind mit <strong>Kindersicherungen<\/strong> ausgestattet, sodass Sie unbesorgt sein k\u00f6nnen.\n  <\/p>\n<\/div>\n<\/div>\n\t\t\n\t\t\t\n        \t\t\t\t<\/div>\n\t\t\t\t<\/div>\n\t\t\t\t<\/div>\n\t\t\t\t<\/div>\n\t\t\t\t\t<\/div>\n\t\t\t\t<\/div>\n\t\t<div class=\"elementor-element elementor-element-431778c e-flex e-con-boxed e-con e-parent\" data-id=\"431778c\" data-element_type=\"container\" data-e-type=\"container\" data-settings=\"{&quot;background_background&quot;:&quot;classic&quot;}\">\n\t\t\t\t\t<div class=\"e-con-inner\">\n\t\t<div class=\"elementor-element elementor-element-854bccb e-con-full e-flex e-con e-child\" data-id=\"854bccb\" data-element_type=\"container\" data-e-type=\"container\" data-settings=\"{&quot;background_background&quot;:&quot;classic&quot;}\">\n\t\t<div class=\"elementor-element elementor-element-914af2a e-con-full e-flex e-con e-child\" data-id=\"914af2a\" data-element_type=\"container\" data-e-type=\"container\">\n\t\t\t\t<div class=\"elementor-element elementor-element-d6d03d8 elementor-widget elementor-widget-image\" data-id=\"d6d03d8\" data-element_type=\"widget\" data-e-type=\"widget\" data-widget_type=\"image.default\">\n\t\t\t\t<div class=\"elementor-widget-container\">\n\t\t\t\t\t\t\t\t\t\t\t\t\t\t\t<img decoding=\"async\" width=\"900\" height=\"600\" src=\"https:\/\/familienhotelkaernten.at\/wp-content\/uploads\/2024\/07\/party-final-1024x683.png\" class=\"elementor-animation-grow attachment-large size-large wp-image-2518\" alt=\"\" srcset=\"https:\/\/familienhotelkaernten.at\/wp-content\/uploads\/2024\/07\/party-final-1024x683.png 1024w, https:\/\/familienhotelkaernten.at\/wp-content\/uploads\/2024\/07\/party-final-300x200.png 300w, https:\/\/familienhotelkaernten.at\/wp-content\/uploads\/2024\/07\/party-final-768x512.png 768w, https:\/\/familienhotelkaernten.at\/wp-content\/uploads\/2024\/07\/party-final-1536x1024.png 1536w, https:\/\/familienhotelkaernten.at\/wp-content\/uploads\/2024\/07\/party-final-540x360.png 540w, https:\/\/familienhotelkaernten.at\/wp-content\/uploads\/2024\/07\/party-final-600x400.png 600w, https:\/\/familienhotelkaernten.at\/wp-content\/uploads\/2024\/07\/party-final.png 1920w\" sizes=\"(max-width: 900px) 100vw, 900px\" \/>\t\t\t\t\t\t\t\t\t\t\t\t\t\t\t<\/div>\n\t\t\t\t<\/div>\n\t\t\t\t<\/div>\n\t\t<div class=\"elementor-element elementor-element-4b4d097 e-con-full e-flex e-con e-child\" data-id=\"4b4d097\" data-element_type=\"container\" data-e-type=\"container\">\n\t\t\t\t<div class=\"elementor-element elementor-element-a85bb55 elementor-widget elementor-widget-patara-title\" data-id=\"a85bb55\" data-element_type=\"widget\" data-e-type=\"widget\" data-widget_type=\"patara-title.default\">\n\t\t\t\t<div class=\"elementor-widget-container\">\n\t\t\t\t\t\t\t\n\t\t\n\t\t\t<h3 class=\"section-subtitle black text-left\"> F\u00fcr Kinder ab 3 Jahre<\/h3>\t\t\t\t\n\t\t\t<h4 class=\"section-title black text-left\">ANGEBOT - MIDIS<\/h4>\t\t\t\t\n\t\t\t\n        \n\t\t\t\n        \t\t\t\t<\/div>\n\t\t\t\t<\/div>\n\t\t\t\t<div class=\"elementor-element elementor-element-082e2fd elementor-widget elementor-widget-patara-text\" data-id=\"082e2fd\" data-element_type=\"widget\" data-e-type=\"widget\" data-widget_type=\"patara-text.default\">\n\t\t\t\t<div class=\"elementor-widget-container\">\n\t\t\t\t\t\t\t\n\t\t<div class=\"section-text text-left black\"><div id=\"1731881653\" class=\"dmNewParagraph\" data-element-type=\"paragraph\" data-version=\"5\"><p style=\"text-align: left; font-size: 19px;\"><strong>\u00d6ffnungszeiten SOMMER<\/strong><\/p><p style=\"text-align: left; font-size: 18px;\"><span style=\"color: #9ea57c;\"><strong>Die Kinderbetreuung (ab 3 Jahre)<\/strong><\/span> Kinder unter 3 Jahren in Begleitung der Eltern d\u00fcrfen die Kinderwerkstatt nat\u00fcrlich auch immer gerne besuchen. Montag bis Sonntag in der Zeit von <strong>09:00 bis 11:30 Uhr<\/strong> &amp; von <strong>16:00 Uhr bis 21:00 Uhr.<\/strong><\/p><p style=\"text-align: left; font-size: 18px;\">In unserer <span style=\"color: #9ea57c;\"><strong>\"Kinderwerkstatt\"<\/strong><\/span> wird gespielt, gebastelt, gebaut, getobt, gemalt, ausprobiert und vieles mehr.<\/p><p style=\"text-align: left; font-size: 18px;\">Es erwartet die Kinder ein t\u00e4glich wechselndes, spannendes <strong>Animationsprogramm<\/strong>.<\/p><p style=\"text-align: left; font-size: 18px;\">Bei <span style=\"color: #9ea57c;\"><strong>Sch\u00f6nwetter<\/strong><\/span> geht's in den Garten oder auf den Spielplatz am Autobahntunnel hinter dem Hotel.<\/p><p style=\"text-align: left; font-size: 18px;\">Bei <strong>Schlechtwetter<\/strong> geht es ins <span style=\"color: #9ea57c;\"><strong>Piratenland<\/strong><\/span> (3-Etagen-Softplay mit Rutsche und B\u00e4llebad), in den Turnsaal oder ins Kino.<\/p><\/div><\/div>\n\t\t\n\t\t\t\n        \t\t\t\t<\/div>\n\t\t\t\t<\/div>\n\t\t\t\t<\/div>\n\t\t\t\t<\/div>\n\t\t\t\t\t<\/div>\n\t\t\t\t<\/div>\n\t\t<div class=\"elementor-element elementor-element-879684a e-flex e-con-boxed e-con e-parent\" data-id=\"879684a\" data-element_type=\"container\" data-e-type=\"container\" data-settings=\"{&quot;background_background&quot;:&quot;classic&quot;}\">\n\t\t\t\t\t<div class=\"e-con-inner\">\n\t\t<div class=\"elementor-element elementor-element-a16edd6 e-con-full e-flex e-con e-child\" data-id=\"a16edd6\" data-element_type=\"container\" data-e-type=\"container\" data-settings=\"{&quot;background_background&quot;:&quot;classic&quot;}\">\n\t\t<div class=\"elementor-element elementor-element-24d1b00 e-con-full e-flex e-con e-child\" data-id=\"24d1b00\" data-element_type=\"container\" data-e-type=\"container\">\n\t\t\t\t<div class=\"elementor-element elementor-element-67e337c elementor-widget elementor-widget-image\" data-id=\"67e337c\" data-element_type=\"widget\" data-e-type=\"widget\" data-widget_type=\"image.default\">\n\t\t\t\t<div class=\"elementor-widget-container\">\n\t\t\t\t\t\t\t\t\t\t\t\t\t\t\t<img loading=\"lazy\" decoding=\"async\" width=\"900\" height=\"600\" src=\"https:\/\/familienhotelkaernten.at\/wp-content\/uploads\/2024\/07\/Trebesingerhof-79-final-1024x683.jpg\" class=\"elementor-animation-grow attachment-large size-large wp-image-2520\" alt=\"\" srcset=\"https:\/\/familienhotelkaernten.at\/wp-content\/uploads\/2024\/07\/Trebesingerhof-79-final-1024x683.jpg 1024w, https:\/\/familienhotelkaernten.at\/wp-content\/uploads\/2024\/07\/Trebesingerhof-79-final-300x200.jpg 300w, https:\/\/familienhotelkaernten.at\/wp-content\/uploads\/2024\/07\/Trebesingerhof-79-final-768x512.jpg 768w, https:\/\/familienhotelkaernten.at\/wp-content\/uploads\/2024\/07\/Trebesingerhof-79-final-1536x1024.jpg 1536w, https:\/\/familienhotelkaernten.at\/wp-content\/uploads\/2024\/07\/Trebesingerhof-79-final-2048x1365.jpg 2048w, https:\/\/familienhotelkaernten.at\/wp-content\/uploads\/2024\/07\/Trebesingerhof-79-final-540x360.jpg 540w, https:\/\/familienhotelkaernten.at\/wp-content\/uploads\/2024\/07\/Trebesingerhof-79-final-600x400.jpg 600w\" sizes=\"(max-width: 900px) 100vw, 900px\" \/>\t\t\t\t\t\t\t\t\t\t\t\t\t\t\t<\/div>\n\t\t\t\t<\/div>\n\t\t\t\t<\/div>\n\t\t<div class=\"elementor-element elementor-element-63c0724 e-con-full e-flex e-con e-child\" data-id=\"63c0724\" data-element_type=\"container\" data-e-type=\"container\">\n\t\t\t\t<div class=\"elementor-element elementor-element-599866b elementor-widget elementor-widget-patara-title\" data-id=\"599866b\" data-element_type=\"widget\" data-e-type=\"widget\" data-widget_type=\"patara-title.default\">\n\t\t\t\t<div class=\"elementor-widget-container\">\n\t\t\t\t\t\t\t\n\t\t\n\t\t\t<h3 class=\"section-subtitle black text-left\"> F\u00fcr Kinder von 8-14 Jahren<\/h3>\t\t\t\t\n\t\t\t<h4 class=\"section-title black text-left\">ANGEBOT - TEENIES<\/h4>\t\t\t\t\n\t\t\t\n        \n\t\t\t\n        \t\t\t\t<\/div>\n\t\t\t\t<\/div>\n\t\t\t\t<div class=\"elementor-element elementor-element-34db401 elementor-widget elementor-widget-patara-text\" data-id=\"34db401\" data-element_type=\"widget\" data-e-type=\"widget\" data-widget_type=\"patara-text.default\">\n\t\t\t\t<div class=\"elementor-widget-container\">\n\t\t\t\t\t\t\t\n\t\t<div class=\"section-text text-left black\"><div id=\"1731881653\" class=\"dmNewParagraph\" data-element-type=\"paragraph\" data-version=\"5\"><p style=\"text-align: left; font-size: 19px;\"><strong>\u00d6ffnungszeiten SOMMER<\/strong><\/p><p style=\"text-align: left; font-size: 18px;\"><span style=\"color: #9ea57c;\"><strong>Die Kinderbetreuung (ab 3 Jahre)<\/strong><\/span> findet von Montag bis Sonntag in der Zeit von <strong>09:00 bis 11:30 Uhr<\/strong> &amp; von <strong>16:00 Uhr bis 21:00 Uhr<\/strong> statt.<\/p><p style=\"text-align: left; font-size: 18px;\">In unserer <span style=\"color: #9ea57c;\"><strong>\"Kinderwerkstatt\"<\/strong><\/span> wird gespielt, gebastelt, gebaut, getobt, gemalt, ausprobiert und vieles mehr.<\/p><p style=\"text-align: left; font-size: 18px;\">Es erwartet die Kinder ein t\u00e4glich wechselndes, spannendes <strong>Animationsprogramm<\/strong>.<\/p><p style=\"text-align: left; font-size: 18px;\">Bei <span style=\"color: #9ea57c;\"><strong>Sch\u00f6nwetter<\/strong><\/span> geht's in den Garten oder auf den Spielplatz am Autobahntunnel hinter dem Hotel.<\/p><p style=\"text-align: left; font-size: 18px;\">Bei <strong>Schlechtwetter<\/strong> geht es ins <span style=\"color: #9ea57c;\"><strong>Piratenland<\/strong><\/span> (3-Etagen-Softplay mit Rutsche und B\u00e4llebad), in den Turnsaal oder ins Kino.<\/p><\/div><\/div>\n\t\t\n\t\t\t\n        \t\t\t\t<\/div>\n\t\t\t\t<\/div>\n\t\t\t\t<\/div>\n\t\t\t\t<\/div>\n\t\t\t\t\t<\/div>\n\t\t\t\t<\/div>\n\t\t<div class=\"elementor-element elementor-element-25d62bd e-flex e-con-boxed e-con e-parent\" data-id=\"25d62bd\" data-element_type=\"container\" data-e-type=\"container\" data-settings=\"{&quot;background_background&quot;:&quot;classic&quot;}\">\n\t\t\t\t\t<div class=\"e-con-inner\">\n\t\t<div class=\"elementor-element elementor-element-e91a9ce e-con-full e-flex e-con e-child\" data-id=\"e91a9ce\" data-element_type=\"container\" data-e-type=\"container\" data-settings=\"{&quot;background_background&quot;:&quot;classic&quot;}\">\n\t\t<div class=\"elementor-element elementor-element-481f6b8 e-con-full e-flex e-con e-child\" data-id=\"481f6b8\" data-element_type=\"container\" data-e-type=\"container\">\n\t\t\t\t<div class=\"elementor-element elementor-element-a5a8f10 elementor-widget elementor-widget-patara-title\" data-id=\"a5a8f10\" data-element_type=\"widget\" data-e-type=\"widget\" data-widget_type=\"patara-title.default\">\n\t\t\t\t<div class=\"elementor-widget-container\">\n\t\t\t\t\t\t\t\n\t\t\n\t\t\t<h3 class=\"section-subtitle black text-left\">f\u00fcr unvergessliche Kindergeburtstage!<\/h3>\t\t\t\t\n\t\t\t<h4 class=\"section-title black text-left\">GEBURTSTAG FEIERN<\/h4>\t\t\t\t\n\t\t\t\n        \n\t\t\t\n        \t\t\t\t<\/div>\n\t\t\t\t<\/div>\n\t\t\t\t<div class=\"elementor-element elementor-element-52d1ff7 elementor-widget elementor-widget-patara-text\" data-id=\"52d1ff7\" data-element_type=\"widget\" data-e-type=\"widget\" data-widget_type=\"patara-text.default\">\n\t\t\t\t<div class=\"elementor-widget-container\">\n\t\t\t\t\t\t\t\n\t\t<div class=\"section-text text-left black\"><div id=\"1731881653\" class=\"dmNewParagraph\" data-element-type=\"paragraph\" data-version=\"5\"><p style=\"text-align: left; font-size: 19px;\"><strong>Die perfekte Location f\u00fcr unvergessliche Kindergeburtstage!<\/strong><\/p><p style=\"text-align: left; font-size: 18px;\">Die Suche hat ein Ende! Im <span style=\"color: #9ea57c;\"><strong>Familienhotel Trebesingerhof<\/strong><\/span> findet ihr die ideale Location f\u00fcr eure Feierlichkeiten. Bei uns stehen <strong>Spa\u00df, Abenteuer<\/strong> und <strong>Genuss<\/strong> an erster Stelle.<\/p><\/div><p>KINDERGEBURTSTAG FEIERN<br \/>Die Suche nach der perfekten Location f\u00fcr eine unvergessliche Kindergeburtstagsparty hat ein Ende! Wir im Familienhotel Trebesingerhof sind die ideale Adresse f\u00fcr eure Feierlichkeiten. Bei uns steht Spa\u00df, Abenteuer und Genuss an erster Stelle.<\/p><p>Unsere Geburtstagspakete:<\/p><p>Kleines Paket - \u20ac27,- pro Kind:<\/p><p>Zeitrahmen: Von 14:00 Uhr bis 18:00 Uhr<br \/>Inklusivleistungen: Verpflegung mit Pommes, Chicken Nuggets und erfrischenden Getr\u00e4nken von unserer Saftbar, Zugang zum Spieleparadies drinnen und drau\u00dfen, sowie die Nutzung unserer Poolanlage.<\/p><p>Gro\u00dfes Paket - \u20ac35,- pro Kind:<\/p><p>Zeitrahmen: Von 14:00 Uhr bis 20:00 Uhr<br \/>Inklusivleistungen: Verpflegung mit Pommes, Chicken Nuggets und erfrischenden Getr\u00e4nken von unserer Saftbar, Zugang zum Spieleparadies drinnen und drau\u00dfen, sowie die Nutzung unserer Poolanlage. Das Gro\u00dfe Paket enth\u00e4lt au\u00dferdem ein spannendes Kinoerlebnis mit Popcorn.<\/p><p>Was erwartet euch:<\/p><p>Spiele und Abenteuer: Unsere Spieleparadiese sowohl drinnen als auch drau\u00dfen sind perfekt f\u00fcr abenteuerlustige Kinder, die sich gerne austoben und Spa\u00df haben.<br \/>Leckere Verpflegung: Unsere k\u00f6stliche Verpflegung mit Pommes, Chicken Nuggets und erfrischenden Getr\u00e4nken wird alle kleinen G\u00e4ste begeistern.<br \/>Planschen im Pool: Abk\u00fchlung gef\u00e4llig? Die Benutzung unserer Poolanlage ist in beiden Paketen enthalten.<br \/>Spannendes Kinoerlebnis: Das Gro\u00dfe Paket bietet den Kindern ein aufregendes Kinoerlebnis mit Popcorn, das f\u00fcr zus\u00e4tzlichen Spa\u00df sorgt.<\/p><p>Reservierung und weitere Informationen:<\/p><p>Die Buchung eurer Kindergeburtstagsparty bei uns ist unkompliziert. Kontaktiert einfach unsere Rezeption, um euren Wunschtermin zu reservieren und alle Details zu besprechen.<\/p><p>Telefonnummer Rezeption: +43 (0) 4732 2350<\/p><p>Wir freuen uns darauf, den besonderen Tag eures Kindes zu einem unvergesslichen Abenteuer zu machen. Feiert euren Kindergeburtstag bei uns im Familienhotel Trebesingerhof wo Spa\u00df und Freude f\u00fcr alle Kinder im Mittelpunkt stehen!<\/p><\/div>\n\t\t\n\t\t\t\n        \t\t\t\t<\/div>\n\t\t\t\t<\/div>\n\t\t\t\t<div class=\"elementor-element elementor-element-f53619d elementor-widget elementor-widget-patara-button\" data-id=\"f53619d\" data-element_type=\"widget\" data-e-type=\"widget\" data-widget_type=\"patara-button.default\">\n\t\t\t\t<div class=\"elementor-widget-container\">\n\t\t\t\t\t\n\t\t<div class=\"float-left\">\n            <div class=\"sec-button butn-dark\"><a href=\"mailto:info@trebesingerhof.at\" target=\"_self\" rel=\"noopener noreferrer\"><span>Jetzt Anfragen<\/span><\/a><\/div>\t\t\n\t\t<\/div>\t\t\n\n        \t\t\t\t<\/div>\n\t\t\t\t<\/div>\n\t\t\t\t<\/div>\n\t\t\t\t<\/div>\n\t\t\t\t\t<\/div>\n\t\t\t\t<\/div>\n\t\t\t\t<\/div>\n\t\t","protected":false},"excerpt":{"rendered":"<p>Was wir bieten Unsere Kinderwelt Zum Angebot Familienhotel Trebesingerhof Angebot f\u00fcr Kinder F\u00fcr Babys und Kleinkinder von 0-2 Jahren ANGEBOT &#8211; MINIS Unser Haus ist komplett baby- und kindgerecht ausgestattet. Von Gitterbett \u00fcber Wasserkocher bis hin zu Wippe, Hochstuhl und L\u00e4tzchen im Restaurant \u2013 alles ist vorhanden. Im &#8220;Krabbelraum&#8221; k\u00f6nnen Sie mit Ihren Kleinsten altersgerechtes Spielzeug entdecken und ausprobieren. Der<\/p>\n","protected":false},"author":1,"featured_media":0,"parent":0,"menu_order":0,"comment_status":"closed","ping_status":"closed","template":"elementor_header_footer","meta":{"footnotes":"","_links_to":"","_links_to_target":""},"class_list":["post-3266","page","type-page","status-publish","hentry"],"aioseo_notices":[],"meta_box":[],"_links":{"self":[{"href":"https:\/\/familienhotelkaernten.at\/index.php\/wp-json\/wp\/v2\/pages\/3266","targetHints":{"allow":["GET"]}}],"collection":[{"href":"https:\/\/familienhotelkaernten.at\/index.php\/wp-json\/wp\/v2\/pages"}],"about":[{"href":"https:\/\/familienhotelkaernten.at\/index.php\/wp-json\/wp\/v2\/types\/page"}],"author":[{"embeddable":true,"href":"https:\/\/familienhotelkaernten.at\/index.php\/wp-json\/wp\/v2\/users\/1"}],"replies":[{"embeddable":true,"href":"https:\/\/familienhotelkaernten.at\/index.php\/wp-json\/wp\/v2\/comments?post=3266"}],"version-history":[{"count":104,"href":"https:\/\/familienhotelkaernten.at\/index.php\/wp-json\/wp\/v2\/pages\/3266\/revisions"}],"predecessor-version":[{"id":6918,"href":"https:\/\/familienhotelkaernten.at\/index.php\/wp-json\/wp\/v2\/pages\/3266\/revisions\/6918"}],"wp:attachment":[{"href":"https:\/\/familienhotelkaernten.at\/index.php\/wp-json\/wp\/v2\/media?parent=3266"}],"curies":[{"name":"wp","href":"https:\/\/api.w.org\/{rel}","templated":true}]}}