{"id":3239,"date":"2024-07-25T12:42:02","date_gmt":"2024-07-25T12:42:02","guid":{"rendered":"https:\/\/sweet-varahamihira.3-64-106-182.plesk.page\/?page_id=3239"},"modified":"2025-06-03T08:35:15","modified_gmt":"2025-06-03T08:35:15","slug":"anfragen","status":"publish","type":"page","link":"https:\/\/familienhotelkaernten.at\/index.php\/anfragen\/","title":{"rendered":"Anfragen"},"content":{"rendered":"\t\t<div data-elementor-type=\"wp-page\" data-elementor-id=\"3239\" class=\"elementor elementor-3239\" data-elementor-post-type=\"page\">\n\t\t\t\t<div class=\"elementor-element elementor-element-9141ae4 e-con-full e-flex e-con e-parent\" data-id=\"9141ae4\" data-element_type=\"container\" data-e-type=\"container\" data-settings=\"{&quot;background_background&quot;:&quot;classic&quot;}\">\n\t\t\t\t<div class=\"elementor-element elementor-element-d2d3626 elementor-widget elementor-widget-patara-banner-image\" data-id=\"d2d3626\" data-element_type=\"widget\" data-e-type=\"widget\" data-widget_type=\"patara-banner-image.default\">\n\t\t\t\t<div class=\"elementor-widget-container\">\n\t\t\t\t\t\t\t\n\t<!-- Header Banner -->\n\t<header class=\"header\">\n\n\t\t\t\t<div class=\"banner-header full-height valign bg-img bg-fixed text-center\" data-overlay-dark=\"5\" data-background=\"https:\/\/familienhotelkaernten.at\/\/wp-content\/uploads\/2024\/07\/Trebesingerhof-16-final.jpg\">\n\t\t\t\t\t\t\t\t\t\t\t\t<div class=\"container\">\n\t\t\t\t\t<div class=\"row\">\n\t\t\t\t\t\t<div class=\"col-md-12 offset-0\">\n\t\t\t\t\t\t\t<div class=\"caption\">\n\n\t\t\t\t\t\t\t\t\t\t\t\t\t\t\t\t<span>\n\t\t\t\t\t\t\t\t\t<i class=\"patara-star-rating\"><\/i>\n\t\t\t\t\t\t\t\t\t<i class=\"patara-star-rating\"><\/i>\n\t\t\t\t\t\t\t\t\t<i class=\"patara-star-rating\"><\/i>\n\t\t\t\t\t\t\t\t\t<i class=\"patara-star-rating\"><\/i>\n\t\t\t\t\t\t\t\t<\/span>\t\t\t\t\t\t\t\t\t\t\t\t\n\t\t\t\t\t\t\t\t\n\t\t\t\t\t\t\t\t\t\t\t\t\t\t\t\t<h4 class=\"pt-slider-title1-class\">Wir freuen uns auf Ihren Besuch!<\/h4>\n\t\t\t\t\t\t\t\t\t\t\t\t\t\t\t\t\t\t\t\t\t\t\t\t<h1 class=\"pt-slider-title2-class\">im Trebesinger Hof<\/h1>\n\t\t\t\t\t\t\t\t\t\t\t\t\t\t\t\t\t\t\t\t\t\t\t\t<div class=\"butn-light mt-30 mb-30\"><a href=\"https:\/\/booking.s5.hotellogin.cloud\/customer\/babyhotel\/booking.php\" target=\"_blank\" rel=\"noopener noreferrer\"><span>Unverbindlich Anfragen<\/span><\/a><\/div>\n\t\t\t\t\t\t\t\t\t\t\t\t\t\t\t<\/div>\t\t\t\t\t\t\n\t\t\t\t\t\t<\/div>\t\t\t\t\t\t\n\t\t\t\t\t<\/div>\n\t\t\t\t<\/div>\n\t\t\t\t\t\t\t\t<!-- button scroll -->\n\t\t\t\t<a href=\"#sc-room\" data-scroll-nav=\"1\" class=\"mouse smoothscroll\">\n\t\t\t\t\t<span class=\"mouse-icon\">\n\t\t\t\t\t\t<span class=\"mouse-wheel\"><\/span>\n\t\t\t\t\t<\/span>\n\t\t\t\t<\/a>\t\n\t\t\t\t\t\t\t\t\t\n\t\t\t\t\t\t\n        <\/div>\t\t\t\n\t<\/header>\t\t\n\t\t\t\n    \t\t\t\t<\/div>\n\t\t\t\t<\/div>\n\t\t\t\t<\/div>\n\t\t<div class=\"elementor-element elementor-element-cef9ba9 e-flex e-con-boxed e-con e-parent\" data-id=\"cef9ba9\" data-element_type=\"container\" data-e-type=\"container\" id=\"sc-room\">\n\t\t\t\t\t<div class=\"e-con-inner\">\n\t\t<div class=\"elementor-element elementor-element-c59688b e-con-full e-flex e-con e-child\" data-id=\"c59688b\" data-element_type=\"container\" data-e-type=\"container\" data-settings=\"{&quot;background_background&quot;:&quot;classic&quot;}\">\n\t\t\t\t<div class=\"elementor-element elementor-element-12fe782 elementor-widget elementor-widget-patara-title\" data-id=\"12fe782\" data-element_type=\"widget\" data-e-type=\"widget\" data-widget_type=\"patara-title.default\">\n\t\t\t\t<div class=\"elementor-widget-container\">\n\t\t\t\t\t\t\t\n\t\t\n\t\t\t\t\t\t\t\n\t\t\t<h4 class=\"section-title black text-center\">Unverbindlich Anfragen<\/h4>\t\t\t\t\n\t\t\t<div class=\"section-text text-center black\"><p><h4>\u00a0<\/h4><h4><strong>Sommersaison 2025<\/strong><\/h4><p class=\"m-size-14 text-align-center size-18\"><span style=\"color: #9ea57c;\"><strong><span class=\"font-size-18 m-font-size-14\">ab 17. Mai bis 8. November 2025<\/span><\/strong><\/span><\/p><h4>\u00a0<\/h4><h4><strong>Wintersaison 2025 \/ 26<\/strong><\/h4><p><span style=\"color: #9ea57c;\"><strong><span class=\"font-size-18 m-font-size-14\">ab 20. Dezember 2025\u00a0 bis\u00a0 <\/span><\/strong><\/span><span style=\"color: #9ea57c;\"><strong><span class=\"font-size-18 m-font-size-14\">6. April 2026<\/span><\/strong><\/span><\/p><div id=\"1731881653\" class=\"dmNewParagraph\" data-element-type=\"paragraph\" data-version=\"5\"><p style=\"text-align: center; font-size: 18px;\">Es freut uns, dass Sie Ihren n\u00e4chsten Urlaub bei uns verbringen m\u00f6chten!<\/p><p style=\"text-align: center; font-size: 18px;\">Hier haben Sie die M\u00f6glichkeit, <span style=\"color: #9ea57c;\"><strong>unverbindlich auf den Geschmack zu kommen<\/strong><\/span>.<\/p><p style=\"text-align: center; font-size: 18px;\">Gerne sind wir Ihnen auch pers\u00f6nlich behilflich und unterst\u00fctzen Sie bei Ihrer <span style=\"color: #9ea57c;\"><strong>Urlaubsplanung<\/strong><\/span>.<\/p><p style=\"text-align: center; font-size: 18px;\">Z\u00f6gern Sie bitte nicht, uns zu kontaktieren \u2013 Ihr individuelles <span style=\"color: #9ea57c;\"><strong>Urlaubserlebnis<\/strong><\/span> liegt uns sehr am Herzen!<\/p><\/div><\/p><\/div>\n        \n\t\t\t\n        \t\t\t\t<\/div>\n\t\t\t\t<\/div>\n\t\t\t\t<div class=\"elementor-element elementor-element-6209b76 elementor-widget elementor-widget-patara-button\" data-id=\"6209b76\" data-element_type=\"widget\" data-e-type=\"widget\" data-widget_type=\"patara-button.default\">\n\t\t\t\t<div class=\"elementor-widget-container\">\n\t\t\t\t\t\n\t\t<div class=\"float-center\">\n            <div class=\"sec-button butn-dark\"><a href=\"https:\/\/booking.s5.hotellogin.cloud\/customer\/babyhotel\/booking.php\" target=\"_blank\" rel=\"noopener noreferrer\"><span>JETZT BUCHEN!<\/span><\/a><\/div>\t\t\n\t\t<\/div>\t\t\n\n        \t\t\t\t<\/div>\n\t\t\t\t<\/div>\n\t\t\t\t<\/div>\n\t\t\t\t<div class=\"elementor-element elementor-element-c802585 elementor-widget elementor-widget-menu-anchor\" data-id=\"c802585\" data-element_type=\"widget\" data-e-type=\"widget\" data-widget_type=\"menu-anchor.default\">\n\t\t\t\t<div class=\"elementor-widget-container\">\n\t\t\t\t\t\t\t<div class=\"elementor-menu-anchor\" id=\"booking\"><\/div>\n\t\t\t\t\t\t<\/div>\n\t\t\t\t<\/div>\n\t\t\t\t\t<\/div>\n\t\t\t\t<\/div>\n\t\t\t\t<\/div>\n\t\t","protected":false},"excerpt":{"rendered":"<p>Wir freuen uns auf Ihren Besuch! im Trebesinger Hof Unverbindlich Anfragen Unverbindlich Anfragen \u00a0 Sommersaison 2025 ab 17. Mai bis 8. November 2025 \u00a0 Wintersaison 2025 \/ 26 ab 20. Dezember 2025\u00a0 bis\u00a0 6. April 2026 Es freut uns, dass Sie Ihren n\u00e4chsten Urlaub bei uns verbringen m\u00f6chten! Hier haben Sie die M\u00f6glichkeit, unverbindlich auf den Geschmack zu kommen. Gerne<\/p>\n","protected":false},"author":1,"featured_media":0,"parent":0,"menu_order":0,"comment_status":"closed","ping_status":"closed","template":"elementor_header_footer","meta":{"footnotes":"","_links_to":"","_links_to_target":""},"class_list":["post-3239","page","type-page","status-publish","hentry"],"aioseo_notices":[],"meta_box":[],"_links":{"self":[{"href":"https:\/\/familienhotelkaernten.at\/index.php\/wp-json\/wp\/v2\/pages\/3239","targetHints":{"allow":["GET"]}}],"collection":[{"href":"https:\/\/familienhotelkaernten.at\/index.php\/wp-json\/wp\/v2\/pages"}],"about":[{"href":"https:\/\/familienhotelkaernten.at\/index.php\/wp-json\/wp\/v2\/types\/page"}],"author":[{"embeddable":true,"href":"https:\/\/familienhotelkaernten.at\/index.php\/wp-json\/wp\/v2\/users\/1"}],"replies":[{"embeddable":true,"href":"https:\/\/familienhotelkaernten.at\/index.php\/wp-json\/wp\/v2\/comments?post=3239"}],"version-history":[{"count":89,"href":"https:\/\/familienhotelkaernten.at\/index.php\/wp-json\/wp\/v2\/pages\/3239\/revisions"}],"predecessor-version":[{"id":6610,"href":"https:\/\/familienhotelkaernten.at\/index.php\/wp-json\/wp\/v2\/pages\/3239\/revisions\/6610"}],"wp:attachment":[{"href":"https:\/\/familienhotelkaernten.at\/index.php\/wp-json\/wp\/v2\/media?parent=3239"}],"curies":[{"name":"wp","href":"https:\/\/api.w.org\/{rel}","templated":true}]}}