{"id":2572,"date":"2024-07-18T12:03:20","date_gmt":"2024-07-18T12:03:20","guid":{"rendered":"https:\/\/sweet-varahamihira.3-64-106-182.plesk.page\/?page_id=2572"},"modified":"2024-09-25T23:41:38","modified_gmt":"2024-09-25T23:41:38","slug":"datenschutzerklaerung","status":"publish","type":"page","link":"https:\/\/familienhotelkaernten.at\/index.php\/datenschutzerklaerung\/","title":{"rendered":"Datenschutzerkl\u00e4rung"},"content":{"rendered":"\t\t<div data-elementor-type=\"wp-page\" data-elementor-id=\"2572\" class=\"elementor elementor-2572\" data-elementor-post-type=\"page\">\n\t\t\t\t<div class=\"elementor-element elementor-element-bc9f99d e-con-full e-flex e-con e-parent\" data-id=\"bc9f99d\" data-element_type=\"container\" data-e-type=\"container\" data-settings=\"{&quot;background_background&quot;:&quot;classic&quot;}\">\n\t\t\t\t<div class=\"elementor-element elementor-element-81bc87a elementor-widget elementor-widget-patara-banner-image\" data-id=\"81bc87a\" data-element_type=\"widget\" data-e-type=\"widget\" data-widget_type=\"patara-banner-image.default\">\n\t\t\t\t<div class=\"elementor-widget-container\">\n\t\t\t\t\t\t\t\n\t<!-- Header Banner -->\n\t<header class=\"header\">\n\n\t\t\t\t<div class=\"banner-header full-height valign bg-img bg-fixed text-center\" data-overlay-dark=\"5\" data-background=\"https:\/\/familienhotelkaernten.at\/\/wp-content\/uploads\/2024\/07\/dse.webp\">\n\t\t\t\t\t\t\t\t\t\t\t\t<div class=\"container\">\n\t\t\t\t\t<div class=\"row\">\n\t\t\t\t\t\t<div class=\"col-md-12 offset-0\">\n\t\t\t\t\t\t\t<div class=\"caption\">\n\n\t\t\t\t\t\t\t\t\t\t\t\t\t\t\t\t\n\t\t\t\t\t\t\t\t\n\t\t\t\t\t\t\t\t\t\t\t\t\t\t\t\t<h4 class=\"pt-slider-title1-class\">Rechtliche Hinweise<\/h4>\n\t\t\t\t\t\t\t\t\t\t\t\t\t\t\t\t\t\t\t\t\t\t\t\t<h1 class=\"pt-slider-title2-class\">Datenschutzerkl\u00e4rung<\/h1>\n\t\t\t\t\t\t\t\t\t\t\t\t\t\t\t\t\t\t\t\t\t\t\t<\/div>\t\t\t\t\t\t\n\t\t\t\t\t\t<\/div>\t\t\t\t\t\t\n\t\t\t\t\t<\/div>\n\t\t\t\t<\/div>\n\t\t\t\t\t\t\t\t<!-- button scroll -->\n\t\t\t\t<a href=\"#faq\" data-scroll-nav=\"1\" class=\"mouse smoothscroll\">\n\t\t\t\t\t<span class=\"mouse-icon\">\n\t\t\t\t\t\t<span class=\"mouse-wheel\"><\/span>\n\t\t\t\t\t<\/span>\n\t\t\t\t<\/a>\t\n\t\t\t\t\t\t\t\t\t\n\t\t\t\t\t\t\n        <\/div>\t\t\t\n\t<\/header>\t\t\n\t\t\t\n    \t\t\t\t<\/div>\n\t\t\t\t<\/div>\n\t\t\t\t<\/div>\n\t\t<div class=\"elementor-element elementor-element-b630e3d e-flex e-con-boxed e-con e-parent\" data-id=\"b630e3d\" data-element_type=\"container\" data-e-type=\"container\" data-settings=\"{&quot;background_background&quot;:&quot;classic&quot;}\">\n\t\t\t\t\t<div class=\"e-con-inner\">\n\t\t<div class=\"elementor-element elementor-element-ca16faf e-con-full e-flex e-con e-child\" data-id=\"ca16faf\" data-element_type=\"container\" data-e-type=\"container\" data-settings=\"{&quot;background_background&quot;:&quot;classic&quot;}\">\n\t\t<div class=\"elementor-element elementor-element-4ca9bad e-con-full e-flex e-con e-child\" data-id=\"4ca9bad\" data-element_type=\"container\" data-e-type=\"container\">\n\t\t\t\t<div class=\"elementor-element elementor-element-2a9d572 elementor-widget elementor-widget-image\" data-id=\"2a9d572\" data-element_type=\"widget\" data-e-type=\"widget\" data-widget_type=\"image.default\">\n\t\t\t\t<div class=\"elementor-widget-container\">\n\t\t\t\t\t\t\t\t\t\t\t\t\t\t\t<img fetchpriority=\"high\" decoding=\"async\" width=\"900\" height=\"653\" src=\"https:\/\/familienhotelkaernten.at\/wp-content\/uploads\/2024\/07\/logo-trebesinger-hof-1024x743.webp\" class=\"attachment-large size-large wp-image-2210\" alt=\"\" srcset=\"https:\/\/familienhotelkaernten.at\/wp-content\/uploads\/2024\/07\/logo-trebesinger-hof-1024x743.webp 1024w, https:\/\/familienhotelkaernten.at\/wp-content\/uploads\/2024\/07\/logo-trebesinger-hof-600x436.webp 600w, https:\/\/familienhotelkaernten.at\/wp-content\/uploads\/2024\/07\/logo-trebesinger-hof-300x218.webp 300w, https:\/\/familienhotelkaernten.at\/wp-content\/uploads\/2024\/07\/logo-trebesinger-hof-768x558.webp 768w, https:\/\/familienhotelkaernten.at\/wp-content\/uploads\/2024\/07\/logo-trebesinger-hof.webp 1102w\" sizes=\"(max-width: 900px) 100vw, 900px\" \/>\t\t\t\t\t\t\t\t\t\t\t\t\t\t\t<\/div>\n\t\t\t\t<\/div>\n\t\t\t\t<\/div>\n\t\t<div class=\"elementor-element elementor-element-93fc73c e-con-full e-flex e-con e-child\" data-id=\"93fc73c\" data-element_type=\"container\" data-e-type=\"container\">\n\t\t\t\t<div class=\"elementor-element elementor-element-544ea22 elementor-widget elementor-widget-patara-title\" data-id=\"544ea22\" data-element_type=\"widget\" data-e-type=\"widget\" data-widget_type=\"patara-title.default\">\n\t\t\t\t<div class=\"elementor-widget-container\">\n\t\t\t\t\t\t\t\n\t\t\n\t\t\t<h3 class=\"section-subtitle black text-center\">Familienhotel Trebesingerhof<\/h3>\t\t\t\t\n\t\t\t<h4 class=\"section-title black text-center\">Wassermann Touristik GmbH<\/h4>\t\t\t\t\n\t\t\t\n        \n\t\t\t\n        \t\t\t\t<\/div>\n\t\t\t\t<\/div>\n\t\t\t\t<div class=\"elementor-element elementor-element-37d2531 elementor-widget elementor-widget-patara-text\" data-id=\"37d2531\" data-element_type=\"widget\" data-e-type=\"widget\" data-widget_type=\"patara-text.default\">\n\t\t\t\t<div class=\"elementor-widget-container\">\n\t\t\t\t\t\t\t\n\t\t<div class=\"section-text text-left black\"><p style=\"text-align: center;\">Bad 1, A 9852 Trebesing<br \/>(K\u00e4rnten\/\u00d6sterreich)<br \/>Tel.:\u00a0<a href=\"tel:+43 4732 2350\" target=\"_blank\" rel=\"noopener\"><span style=\"color: #9ea57c;\">+43 4732 2350<\/span><\/a><br \/>E-Mail:\u00a0<span style=\"color: #9ea57c;\"><a style=\"color: #9ea57c;\" href=\"mailto:info@familienhotelkaernten.at\" target=\"_blank\" rel=\"noopener\">info@trebesingerhof.at<\/a><\/span><\/p><\/div>\n\t\t\n\t\t\t\n        \t\t\t\t<\/div>\n\t\t\t\t<\/div>\n\t\t\t\t<\/div>\n\t\t\t\t<\/div>\n\t\t\t\t\t<\/div>\n\t\t\t\t<\/div>\n\t\t<div class=\"elementor-element elementor-element-31d0bfc e-flex e-con-boxed e-con e-parent\" data-id=\"31d0bfc\" data-element_type=\"container\" data-e-type=\"container\">\n\t\t\t\t\t<div class=\"e-con-inner\">\n\t\t<div class=\"elementor-element elementor-element-aa71967 e-con-full e-flex e-con e-child\" data-id=\"aa71967\" data-element_type=\"container\" data-e-type=\"container\" data-settings=\"{&quot;background_background&quot;:&quot;classic&quot;}\">\n\t\t\t\t<div class=\"elementor-element elementor-element-487c5da elementor-widget elementor-widget-patara-title\" data-id=\"487c5da\" data-element_type=\"widget\" data-e-type=\"widget\" data-widget_type=\"patara-title.default\">\n\t\t\t\t<div class=\"elementor-widget-container\">\n\t\t\t\t\t\t\t\n\t\t\n\t\t\t\t\t\t\t\n\t\t\t<h4 class=\"section-title black text-left\">Datenschutzerkl\u00e4rung<\/h4>\t\t\t\t\n\t\t\t\n        \n\t\t\t\n        \t\t\t\t<\/div>\n\t\t\t\t<\/div>\n\t\t\t\t<div class=\"elementor-element elementor-element-f75cc62 elementor-widget elementor-widget-patara-text\" data-id=\"f75cc62\" data-element_type=\"widget\" data-e-type=\"widget\" data-widget_type=\"patara-text.default\">\n\t\t\t\t<div class=\"elementor-widget-container\">\n\t\t\t\t\t\t\t\n\t\t<div class=\"section-text text-left black\"><p>Wir bedanken uns f\u00fcr das Vertrauen das Sie uns entgegenbringen und sind uns der Verantwortung, Ihre Daten bestm\u00f6glich zu sch\u00fctzen, bewusst. Wir m\u00f6chten Sie daher dar\u00fcber informieren, welche Daten von uns erfasst werden, wenn Sie unsere Produkte und Dienstleis-tungen in Anspruch nehmen. Wir verarbeiten Ihre personenbezogenen Daten ausschlie\u00dflich im Rahmen der Bestimmungen der Datenschutzgrundverordnung (DSGVO) sowie des Datenschutzgesetzes. Im nachfolgenden informieren wir Sie \u00fcber die wichtigsten Aspekte der Datenverarbeitung im Rahmen unserer Website.<\/p><\/div>\n\t\t\n\t\t\t\n        \t\t\t\t<\/div>\n\t\t\t\t<\/div>\n\t\t\t\t<\/div>\n\t\t\t\t\t<\/div>\n\t\t\t\t<\/div>\n\t\t<div class=\"elementor-element elementor-element-e2d3d51 e-flex e-con-boxed e-con e-parent\" data-id=\"e2d3d51\" data-element_type=\"container\" data-e-type=\"container\">\n\t\t\t\t\t<div class=\"e-con-inner\">\n\t\t<div class=\"elementor-element elementor-element-be41535 e-con-full e-flex e-con e-child\" data-id=\"be41535\" data-element_type=\"container\" data-e-type=\"container\" data-settings=\"{&quot;background_background&quot;:&quot;classic&quot;}\">\n\t\t\t\t<div class=\"elementor-element elementor-element-d1f9c11 elementor-widget elementor-widget-patara-title\" data-id=\"d1f9c11\" data-element_type=\"widget\" data-e-type=\"widget\" data-widget_type=\"patara-title.default\">\n\t\t\t\t<div class=\"elementor-widget-container\">\n\t\t\t\t\t\t\t\n\t\t\n\t\t\t\t\t\t\t\n\t\t\t<h4 class=\"section-title black text-left\">1. Verantwortlicher f\u00fcr die Datenverarbeitung<\/h4>\t\t\t\t\n\t\t\t\n        \n\t\t\t\n        \t\t\t\t<\/div>\n\t\t\t\t<\/div>\n\t\t\t\t<div class=\"elementor-element elementor-element-f4845d3 elementor-widget elementor-widget-patara-text\" data-id=\"f4845d3\" data-element_type=\"widget\" data-e-type=\"widget\" data-widget_type=\"patara-text.default\">\n\t\t\t\t<div class=\"elementor-widget-container\">\n\t\t\t\t\t\t\t\n\t\t<div class=\"section-text text-left black\"><div>Die DSGVO verpflichtet insbesondere Verantwortliche zur Einhaltung der Bestimmungen der DSGVO. Als \u201eVerantwortlicher\u201c wird die nat\u00fcrliche oder juristische Person, Beh\u00f6rde, Einrichtung oder andere Stelle bezeichnet, die allein oder gemeinsam mit anderen \u00fcber die Zwecke und Mittel der Verarbeitung von personenbezogenen Daten entscheidet.<\/div><div>\u00a0<\/div><p><strong>Verantwortlicher f\u00fcr die gegenst\u00e4ndliche Datenverarbeitung ist:<\/strong><br \/><strong>Familienhotel Trebesingerhof<\/strong><br \/><strong>Bad 1, A 9852 Trebesing (K\u00e4rnten\/\u00d6sterreich)<\/strong><br \/>Tel.: <span style=\"color: #9ea57c;\"><a style=\"color: #9ea57c;\" href=\"tel:+4347322350\"><strong>+43 4732 2350<\/strong><\/a><\/span><br \/>E-Mail: <span style=\"color: #9ea57c;\"><strong><a style=\"color: #9ea57c;\" href=\"mailto:info@trebesingerhof.at\">info@trebesingerhof.at<\/a><\/strong><\/span><br \/>Firmenbuchnummer: <strong>FN331769x<\/strong><br \/><strong>Gesch\u00e4ftsf\u00fchrer:<\/strong> <strong>Dietmar Wassermann<\/strong><\/p><\/div>\n\t\t\n\t\t\t\n        \t\t\t\t<\/div>\n\t\t\t\t<\/div>\n\t\t\t\t<\/div>\n\t\t\t\t\t<\/div>\n\t\t\t\t<\/div>\n\t\t<div class=\"elementor-element elementor-element-0cc55f9 e-flex e-con-boxed e-con e-parent\" data-id=\"0cc55f9\" data-element_type=\"container\" data-e-type=\"container\">\n\t\t\t\t\t<div class=\"e-con-inner\">\n\t\t<div class=\"elementor-element elementor-element-0d6bda2 e-con-full e-flex e-con e-child\" data-id=\"0d6bda2\" data-element_type=\"container\" data-e-type=\"container\" data-settings=\"{&quot;background_background&quot;:&quot;classic&quot;}\">\n\t\t\t\t<div class=\"elementor-element elementor-element-c704cb8 elementor-widget elementor-widget-patara-title\" data-id=\"c704cb8\" data-element_type=\"widget\" data-e-type=\"widget\" data-widget_type=\"patara-title.default\">\n\t\t\t\t<div class=\"elementor-widget-container\">\n\t\t\t\t\t\t\t\n\t\t\n\t\t\t\t\t\t\t\n\t\t\t<h4 class=\"section-title black text-left\">2. Erhebung und Verarbeitung von Daten<\/h4>\t\t\t\t\n\t\t\t\n        \n\t\t\t\n        \t\t\t\t<\/div>\n\t\t\t\t<\/div>\n\t\t\t\t<div class=\"elementor-element elementor-element-8109ec9 elementor-widget elementor-widget-patara-text\" data-id=\"8109ec9\" data-element_type=\"widget\" data-e-type=\"widget\" data-widget_type=\"patara-text.default\">\n\t\t\t\t<div class=\"elementor-widget-container\">\n\t\t\t\t\t\t\t\n\t\t<div class=\"section-text text-left black\"><p>Wir verarbeiten jene personenbezogenen Daten, die Sie uns als Nutzer unserer Website durch Angaben, etwa im Rahmen einer Anfrage oder Registrierung oder zum Abschluss eines Vertrages, bekannt geben. Im Rahmen von Interaktionen mit unserer Website kann es zu nachfolgenden Datenverarbeitungen kommen:<br \/><br \/>a) Anfrage \u00fcber Kontaktformular<br \/>Bei einer Anfrage \u00fcber unser Kontaktformular werden die von Ihnen bekannt gegebenen Daten zum Zwecke der Bearbeitung Ihrer Anfrage verarbeitet. Die Datenverarbeitung erfolgt diesfalls auf Rechtsgrundlage des Art. 6 Abs 1 lit b) DSGVO.<br \/><br \/>b) Anmeldung zum Newsletter<br \/>Wenn Sie sich zu unserem Newsletter anmelden, werden die von Ihnen bekannt gegebenen Daten zum Zwecke der Vermarktung unserer Produkte und Dienstleistungen verarbeitet. Die Datenverarbeitung erfolgt diesfalls auf Rechtsgrundlage des Art. 6 Abs 1 lit a) DSGVO.<br \/><br \/>Um Sie zielgerichtet mit Informationen zu versorgen, erheben und verarbeiten wir insbesondere auch die von Ihnen freiwillig bekanntgegebene Angaben zu Interessensgebieten, Geburtsdaten, Posteitzahl, etc. Sobald Sie sich f\u00fcr unseren Newsletter angemeldet haben, senden wir Ihnen eine Best\u00e4tigungs-E-Mail mit einem Link zur Best\u00e4tigung der Anmeldung. (= sog. Double-Opt-In). Den Newsletter k\u00f6nnen Sie jederzeit abbestellen. Hierzu verwenden Sie am einfachsten die Schaltfl\u00e4che \u201eNewsletter abbestellen\u201c, welche sich in jedem Newsletter befindet. Alternativ k\u00f6nnen Sie Ihre Zustimmungserkl\u00e4rung formlos jederzeit widerrufen indem Sie diesbez\u00fcglich mit uns Kontakt aufnehmen. Anschlie\u00dfend l\u00f6schen wir umgehend s\u00e4mtliche Daten im Zusammenhang mit dem Versand unseres Newsletters.<\/p><\/div>\n\t\t\n\t\t\t\n        \t\t\t\t<\/div>\n\t\t\t\t<\/div>\n\t\t\t\t<\/div>\n\t\t\t\t\t<\/div>\n\t\t\t\t<\/div>\n\t\t<div class=\"elementor-element elementor-element-caf1f5d e-flex e-con-boxed e-con e-parent\" data-id=\"caf1f5d\" data-element_type=\"container\" data-e-type=\"container\">\n\t\t\t\t\t<div class=\"e-con-inner\">\n\t\t<div class=\"elementor-element elementor-element-e906613 e-con-full e-flex e-con e-child\" data-id=\"e906613\" data-element_type=\"container\" data-e-type=\"container\" data-settings=\"{&quot;background_background&quot;:&quot;classic&quot;}\">\n\t\t\t\t<div class=\"elementor-element elementor-element-935cab6 elementor-widget elementor-widget-patara-title\" data-id=\"935cab6\" data-element_type=\"widget\" data-e-type=\"widget\" data-widget_type=\"patara-title.default\">\n\t\t\t\t<div class=\"elementor-widget-container\">\n\t\t\t\t\t\t\t\n\t\t\n\t\t\t\t\t\t\t\n\t\t\t<h4 class=\"section-title black text-left\">3. Nutzung und weitere Verarbeitung personenbezogener Daten<\/h4>\t\t\t\t\n\t\t\t\n        \n\t\t\t\n        \t\t\t\t<\/div>\n\t\t\t\t<\/div>\n\t\t\t\t<div class=\"elementor-element elementor-element-8b5b4de elementor-widget elementor-widget-patara-text\" data-id=\"8b5b4de\" data-element_type=\"widget\" data-e-type=\"widget\" data-widget_type=\"patara-text.default\">\n\t\t\t\t<div class=\"elementor-widget-container\">\n\t\t\t\t\t\t\t\n\t\t<div class=\"section-text text-left black\"><p>Soweit Sie uns als Nutzer unserer Website personenbezogene Daten bekannt gegeben haben, verwenden wir diese nur zur Erf\u00fcllung des jeweiligen oben genannten Zweckes, etwa zur Beantwortung Ihrer Anfrage, zur Abwicklung von Vertr\u00e4gen und f\u00fcr die technische Admi-nistration.<br \/><br \/>Personenbezogene Daten werden von uns an Dritte nur weitergegeben bzw. \u00fcbermittelt, wenn dies zur Erf\u00fcllung des jeweiligen oben genannten Zweckes oder zu Abrechnungszwecken erforderlich ist oder Sie als Nutzer der Website zuvor eingewilligt haben. Als Nutzer der Website haben Sie das Recht, eine erteilte Einwilligung mit Wirkung f\u00fcr die Zukunft jederzeit zu widerrufen.<br \/><br \/>Die L\u00f6schung der gespeicherten personenbezogenen Daten erfolgt wenn: Sie die Einwilligung zur Speicherung der Daten widerrufen, wenn Ihre Daten zur Erf\u00fcllung des mit der Speicherung verfolgten Zwecks nicht mehr erforderlich sind oder wenn Ihre Speicherung aus sonsti-gen gesetzlichen Gr\u00fcnden unzul\u00e4ssig ist bzw. wird. Daten, welche f\u00fcr Abrechnungszwecke und buchhalterische Zwecke notwendig sind, werden von einem L\u00f6schungsverlangen nicht ber\u00fchrt.<\/p><\/div>\n\t\t\n\t\t\t\n        \t\t\t\t<\/div>\n\t\t\t\t<\/div>\n\t\t\t\t<\/div>\n\t\t\t\t\t<\/div>\n\t\t\t\t<\/div>\n\t\t<div class=\"elementor-element elementor-element-e6a4fb9 e-flex e-con-boxed e-con e-parent\" data-id=\"e6a4fb9\" data-element_type=\"container\" data-e-type=\"container\">\n\t\t\t\t\t<div class=\"e-con-inner\">\n\t\t<div class=\"elementor-element elementor-element-5d67b03 e-con-full e-flex e-con e-child\" data-id=\"5d67b03\" data-element_type=\"container\" data-e-type=\"container\" data-settings=\"{&quot;background_background&quot;:&quot;classic&quot;}\">\n\t\t\t\t<div class=\"elementor-element elementor-element-5a7efdc elementor-widget elementor-widget-patara-title\" data-id=\"5a7efdc\" data-element_type=\"widget\" data-e-type=\"widget\" data-widget_type=\"patara-title.default\">\n\t\t\t\t<div class=\"elementor-widget-container\">\n\t\t\t\t\t\t\t\n\t\t\n\t\t\t\t\t\t\t\n\t\t\t<h4 class=\"section-title black text-left\">4. Auskunft, Berichtigung, L\u00f6schung<\/h4>\t\t\t\t\n\t\t\t\n        \n\t\t\t\n        \t\t\t\t<\/div>\n\t\t\t\t<\/div>\n\t\t\t\t<div class=\"elementor-element elementor-element-23ccf64 elementor-widget elementor-widget-patara-text\" data-id=\"23ccf64\" data-element_type=\"widget\" data-e-type=\"widget\" data-widget_type=\"patara-text.default\">\n\t\t\t\t<div class=\"elementor-widget-container\">\n\t\t\t\t\t\t\t\n\t\t<div class=\"section-text text-left black\"><p>Auf schriftliche Anfrage informieren wir Sie jederzeit gerne \u00fcber die zu Ihrer Person gespeicherten Daten. Unsere Kontaktdaten finden Sie unter Punkt 1. Verantwortlicher f\u00fcr die Datenverarbeitung dieser Datenschutzerkl\u00e4rung.<br \/><br \/>Sollten Ihre von uns verarbeiteten Daten nicht richtig sein, unterrichten Sie uns bitte dar\u00fcber. Wir werden diese unverz\u00fcglich richtigstellen und Sie dar\u00fcber informieren.<br \/><br \/>Im Falle, dass Sie eine Verarbeitung Ihrer Daten von uns nicht l\u00e4nger w\u00fcnschen, ersuchen wir Sie uns dies formlos mitzuteilen. Wir werden Ihre Daten selbstverst\u00e4ndlich umgehend l\u00f6schen und Sie davon informieren. Sollten zwingende rechtliche Gr\u00fcnde einer L\u00f6schung entgegenstehen, werden Sie dahingehend umgehend von uns benachrichtigt.<\/p><\/div>\n\t\t\n\t\t\t\n        \t\t\t\t<\/div>\n\t\t\t\t<\/div>\n\t\t\t\t<\/div>\n\t\t\t\t\t<\/div>\n\t\t\t\t<\/div>\n\t\t<div class=\"elementor-element elementor-element-7bf6bea e-flex e-con-boxed e-con e-parent\" data-id=\"7bf6bea\" data-element_type=\"container\" data-e-type=\"container\">\n\t\t\t\t\t<div class=\"e-con-inner\">\n\t\t<div class=\"elementor-element elementor-element-aac743b e-con-full e-flex e-con e-child\" data-id=\"aac743b\" data-element_type=\"container\" data-e-type=\"container\" data-settings=\"{&quot;background_background&quot;:&quot;classic&quot;}\">\n\t\t\t\t<div class=\"elementor-element elementor-element-cd458c3 elementor-widget elementor-widget-patara-title\" data-id=\"cd458c3\" data-element_type=\"widget\" data-e-type=\"widget\" data-widget_type=\"patara-title.default\">\n\t\t\t\t<div class=\"elementor-widget-container\">\n\t\t\t\t\t\t\t\n\t\t\n\t\t\t\t\t\t\t\n\t\t\t<h4 class=\"section-title black text-left\">5. Cookies<\/h4>\t\t\t\t\n\t\t\t\n        \n\t\t\t\n        \t\t\t\t<\/div>\n\t\t\t\t<\/div>\n\t\t\t\t<div class=\"elementor-element elementor-element-4ae6e25 elementor-widget elementor-widget-patara-text\" data-id=\"4ae6e25\" data-element_type=\"widget\" data-e-type=\"widget\" data-widget_type=\"patara-text.default\">\n\t\t\t\t<div class=\"elementor-widget-container\">\n\t\t\t\t\t\t\t\n\t\t<div class=\"section-text text-left black\"><p>Unsere Website verwendet sogenannte \u201eCookies\u201c. Hierbei handelt es sich um kleine Textdateien, die beim Besuch einer Website verschickt und auf dem Endger\u00e4t des Nutzers der Website dauerhaft oder vor\u00fcbergehend abgespeichert werden.<br \/><br \/>Wird dieselbe Website zu einem sp\u00e4teren Zeitpunkt erneut vom Nutzer der Website aufgerufen, sendet der Browser (= Software zum \u00d6ffnen und Anzeigen von Websites) des Nutzers der Website den zuvor empfangenen Cookie wieder zur\u00fcck an die Website. Die Website kann durch diese Vorgehensweise die enthaltenen Informationen auf verschiedene Arten auswerten (etwa die beim ersten Besuch der Website angesehenen Produkte).<br \/><br \/>Durch Cookies k\u00f6nnen beispielsweise Werbeeinblendungen gesteuert oder das Navigieren auf einer Website erleichtert werden. Wenn der Nutzer der Website die Nutzung von Cookies verhindern m\u00f6chte, kann er dies durch lokale \u00c4nderungen seiner Einstellungen in dem auf seinem Endger\u00e4t verwendeten Browser vornehmen.<br \/><br \/>Zu beachten ist, dass bei einer Deaktivierung von Cookies die Funktionalit\u00e4t unserer Website beeintr\u00e4chtigt werden kann.<\/p><\/div>\n\t\t\n\t\t\t\n        \t\t\t\t<\/div>\n\t\t\t\t<\/div>\n\t\t\t\t<\/div>\n\t\t\t\t\t<\/div>\n\t\t\t\t<\/div>\n\t\t<div class=\"elementor-element elementor-element-e2efa04 e-flex e-con-boxed e-con e-parent\" data-id=\"e2efa04\" data-element_type=\"container\" data-e-type=\"container\">\n\t\t\t\t\t<div class=\"e-con-inner\">\n\t\t<div class=\"elementor-element elementor-element-82f64bd e-con-full e-flex e-con e-child\" data-id=\"82f64bd\" data-element_type=\"container\" data-e-type=\"container\" data-settings=\"{&quot;background_background&quot;:&quot;classic&quot;}\">\n\t\t\t\t<div class=\"elementor-element elementor-element-4680004 elementor-widget elementor-widget-patara-title\" data-id=\"4680004\" data-element_type=\"widget\" data-e-type=\"widget\" data-widget_type=\"patara-title.default\">\n\t\t\t\t<div class=\"elementor-widget-container\">\n\t\t\t\t\t\t\t\n\t\t\n\t\t\t\t\t\t\t\n\t\t\t<h4 class=\"section-title black text-left\">6. Google Analytics<\/h4>\t\t\t\t\n\t\t\t\n        \n\t\t\t\n        \t\t\t\t<\/div>\n\t\t\t\t<\/div>\n\t\t\t\t<div class=\"elementor-element elementor-element-754f1f6 elementor-widget elementor-widget-patara-text\" data-id=\"754f1f6\" data-element_type=\"widget\" data-e-type=\"widget\" data-widget_type=\"patara-text.default\">\n\t\t\t\t<div class=\"elementor-widget-container\">\n\t\t\t\t\t\t\t\n\t\t<div class=\"section-text text-left black\"><p class=\"text-align-justify\">Unsere Website verwendet Funktionen des Web-Analyse-Dienstes Google Analytics. Anbieter dieses Dienstes ist Google LLC, 1600 Amphitheatre Parkway, Mountain View, CA 94043, USA.<\/p><p class=\"text-align-justify\">Mit Hilfe von Google Analytics werden Interaktionen von Besuchern einer Website insbesondere mit Hilfe von Cookies erfasst, welche eine Analyse der Benutzung der Website durch ihre Besucher m\u00f6glich macht. Die derart generierten Informationen werden auf die Server des Anbieters dieses Dienstes \u00fcbertragen und dort gespeichert. Um dies zu verhindern, k\u00f6nnen Sie die Verwendung von Cookies auf Ihrem Endger\u00e4t deaktivieren.<\/p><p class=\"text-align-justify\">Weitere Informationen zu Google Analytics finden Sie unter<span class=\"\">\u00a0<\/span><a href=\"http:\/\/www.google.com\/analytics\/\" target=\"_blank\" rel=\"noopener\">http:\/\/www.google.com\/analytics\/<\/a>.\u00a0<\/p><p class=\"text-align-justify\">Wir haben mit dem Anbieter einen entsprechenden Vertrag zur Auftragsdatenverarbeitung abgeschlossen. Die Datenverarbeitung erfolgt zum Zwecke und im berechtigten Interesse der Verbesserung unserer Dienstleistungen und unserer Website, und zwar auf Rechtsgrundlage des Art. 6 Abs 1 lit f) DSGVO.<\/p><p class=\"text-align-justify\">Wir verwenden die Funktion \u201eAktivierung der IP-Anonymisierung\u201c auf dieser Website. Dadurch wird Ihre IP-Adresse vom Anbieter des Dienstes innerhalb der Mitgliedstaaten der EU oder in anderen EWR-Vertragsstaaten vor \u00dcbermittlung der IP-Adresse in Drittstaaten gek\u00fcrzt. Lediglich in Ausnahmef\u00e4llen wird die vollst\u00e4ndige IP-Adresse an die Server des Anbieters des Dienstes in die USA \u00fcbertragen und erst dort gek\u00fcrzt.\u00a0<\/p><p class=\"text-align-justify\"><span class=\"\">Der Anbieter des Dienstes verwendet die \u00fcbertragenen Informationen in unserem Auftrag, um die Nutzung unserer Website durch ihre Besucher auszuwerten, um Reports \u00fcber die Websiteaktivit\u00e4ten zusammenzustellen und um weitere mit der Nutzung unserer Website und des Internets verbundene Dienstleistungen gegen\u00fcber uns als Betreiber dieser Website zu erbringen. Die im Rahmen der Verwendung von Google Analytics von Ihrem Browser \u00fcbermittelte IP-Adresse wird nicht mit anderen Daten des Anbieters des Dienstes zusammengef\u00fchrt.<\/span><\/p><\/div>\n\t\t\n\t\t\t\n        \t\t\t\t<\/div>\n\t\t\t\t<\/div>\n\t\t\t\t<\/div>\n\t\t\t\t\t<\/div>\n\t\t\t\t<\/div>\n\t\t<div class=\"elementor-element elementor-element-372b0d9 e-flex e-con-boxed e-con e-parent\" data-id=\"372b0d9\" data-element_type=\"container\" data-e-type=\"container\">\n\t\t\t\t\t<div class=\"e-con-inner\">\n\t\t<div class=\"elementor-element elementor-element-39f0ad0 e-con-full e-flex e-con e-child\" data-id=\"39f0ad0\" data-element_type=\"container\" data-e-type=\"container\" data-settings=\"{&quot;background_background&quot;:&quot;classic&quot;}\">\n\t\t\t\t<div class=\"elementor-element elementor-element-c6c09f9 elementor-widget elementor-widget-patara-title\" data-id=\"c6c09f9\" data-element_type=\"widget\" data-e-type=\"widget\" data-widget_type=\"patara-title.default\">\n\t\t\t\t<div class=\"elementor-widget-container\">\n\t\t\t\t\t\t\t\n\t\t\n\t\t\t\t\t\t\t\n\t\t\t<h4 class=\"section-title black text-left\">7. Google Maps<\/h4>\t\t\t\t\n\t\t\t\n        \n\t\t\t\n        \t\t\t\t<\/div>\n\t\t\t\t<\/div>\n\t\t\t\t<div class=\"elementor-element elementor-element-10ec29d elementor-widget elementor-widget-patara-text\" data-id=\"10ec29d\" data-element_type=\"widget\" data-e-type=\"widget\" data-widget_type=\"patara-text.default\">\n\t\t\t\t<div class=\"elementor-widget-container\">\n\t\t\t\t\t\t\t\n\t\t<div class=\"section-text text-left black\"><p class=\"text-align-justify\">Unsere Website verwendet Funktionen des Kartendienstes Google Maps. Anbieter dieses Dienstes ist Google LLC, 1600 Amphitheatre Parkway, Mountain View, CA 94043, USA.<\/p><p class=\"text-align-justify\">F\u00fcr die Funktion von Google Maps ist es notwendig, Ihre IP-Adresse zu speichern. Im Regelfall wird die IP-Adresse an die Server des Anbieters des Dienstes in den USA \u00fcbermittelt und dort gespeichert. Wir haben keinen Einfluss auf diese Daten\u00fcbertragung und weitere Datenverarbeitung.<\/p><p class=\"text-align-justify\">Die Nutzung von Google Maps erfolgt zum Zwecke und im berechtigten Interesse der leichteren Auffindbarkeit unseres Unternehmens und zwar auf Rechtsgrundlage des Art. 6 Abs 1 lit f) DSGVO.<\/p><p class=\"text-align-justify\"><span class=\"\">Weitere Informationen zu Google Maps finden Sie unter\u00a0<\/span><a href=\"https:\/\/policies.google.com\/privacy?hl=de\" target=\"_blank\" rel=\"noopener\">https:\/\/policies.google.com\/privacy?hl=de<\/a><\/p><\/div>\n\t\t\n\t\t\t\n        \t\t\t\t<\/div>\n\t\t\t\t<\/div>\n\t\t\t\t<\/div>\n\t\t\t\t\t<\/div>\n\t\t\t\t<\/div>\n\t\t<div class=\"elementor-element elementor-element-4ef2c28 e-flex e-con-boxed e-con e-parent\" data-id=\"4ef2c28\" data-element_type=\"container\" data-e-type=\"container\">\n\t\t\t\t\t<div class=\"e-con-inner\">\n\t\t<div class=\"elementor-element elementor-element-20fc46e e-con-full e-flex e-con e-child\" data-id=\"20fc46e\" data-element_type=\"container\" data-e-type=\"container\" data-settings=\"{&quot;background_background&quot;:&quot;classic&quot;}\">\n\t\t\t\t<div class=\"elementor-element elementor-element-4b55a04 elementor-widget elementor-widget-patara-title\" data-id=\"4b55a04\" data-element_type=\"widget\" data-e-type=\"widget\" data-widget_type=\"patara-title.default\">\n\t\t\t\t<div class=\"elementor-widget-container\">\n\t\t\t\t\t\t\t\n\t\t\n\t\t\t\t\t\t\t\n\t\t\t<h4 class=\"section-title black text-left\">8. Facebook Plug-in<\/h4>\t\t\t\t\n\t\t\t\n        \n\t\t\t\n        \t\t\t\t<\/div>\n\t\t\t\t<\/div>\n\t\t\t\t<div class=\"elementor-element elementor-element-141dd0f elementor-widget elementor-widget-patara-text\" data-id=\"141dd0f\" data-element_type=\"widget\" data-e-type=\"widget\" data-widget_type=\"patara-text.default\">\n\t\t\t\t<div class=\"elementor-widget-container\">\n\t\t\t\t\t\t\t\n\t\t<div class=\"section-text text-left black\"><p class=\"text-align-justify\"><span class=\"\">Unsere Website verwendet Plugins des sozialen Netzwerks Facebook, welches von Facebook Inc., 471 Emerson St., Palo Alto, CA 94301-160, USA, betrieben wird.\u00a0 Die Facebook-Plugins erkennen Sie an dem Facebook-Logo oder dem \"Like-Button\" (\"Gef\u00e4llt mir\") auf un-serer Seite. Eine \u00dcbersicht \u00fcber die Facebook-Plugins finden Sie hier:\u00a0<\/span><a href=\"http:\/\/developers.facebook.com\/docs\/plugins\/\" target=\"_blank\" rel=\"noopener\">http:\/\/developers.facebook.com\/docs\/plugins\/<\/a>.\u00a0<\/p><p class=\"text-align-justify\">Im Rahmen des Besuchs unserer Website wird \u00fcber das Facebook-Plugin eine direkte Verbindung zwischen Ihrem Browser und den Servern von Facebook hergestellt und Ihre IP-Adresse an Facebook \u00fcbermittelt.<\/p><p class=\"text-align-justify\">Wenn Sie w\u00e4hrend Sie in Ihrem Facebook-Account eingeloggt sind, den Facebook \"Like-Button\" auf unserer Website anklicken, k\u00f6nnen Sie die Inhalte unserer Website auf Ihrem Facebook-Profil verlinken. Dadurch wird es Facebook erm\u00f6glicht, den Besuch unserer Website Ihrem Benutzerkonto zuzuordnen. Um dies zu verhindern, loggen Sie sich bitte zuvor aus Ihrem Facebook-Account aus.<\/p><p class=\"text-align-justify\"><span class=\"\">Wir m\u00f6chten Sie darauf hinweisen, dass wir keine Kenntnis vom Inhalt der \u00fcbermittelten Daten sowie deren Nutzung durch Facebook haben. Weitere Informationen hierzu finden Sie in der Datenschutzerkl\u00e4rung von Facebook unter\u00a0<\/span><a href=\"http:\/\/de-de.facebook.com\/policy.php\" target=\"_blank\" rel=\"noopener\">http:\/\/de-de.facebook.com\/policy.php<\/a><\/p><p class=\"text-align-justify\">Die Nutzung der Facebook-Plugins erfolgt zum Zwecke und im berechtigten Interesse der Verbesserung unserer Dienstleistungen und unserer Website und zwar auf Rechtsgrundlage des Art. 6 Abs 1 lit f) DSGVO.<\/p><\/div>\n\t\t\n\t\t\t\n        \t\t\t\t<\/div>\n\t\t\t\t<\/div>\n\t\t\t\t<\/div>\n\t\t\t\t\t<\/div>\n\t\t\t\t<\/div>\n\t\t<div class=\"elementor-element elementor-element-5cc56db e-flex e-con-boxed e-con e-parent\" data-id=\"5cc56db\" data-element_type=\"container\" data-e-type=\"container\">\n\t\t\t\t\t<div class=\"e-con-inner\">\n\t\t<div class=\"elementor-element elementor-element-e4320a6 e-con-full e-flex e-con e-child\" data-id=\"e4320a6\" data-element_type=\"container\" data-e-type=\"container\" data-settings=\"{&quot;background_background&quot;:&quot;classic&quot;}\">\n\t\t\t\t<div class=\"elementor-element elementor-element-2056fd3 elementor-widget elementor-widget-patara-title\" data-id=\"2056fd3\" data-element_type=\"widget\" data-e-type=\"widget\" data-widget_type=\"patara-title.default\">\n\t\t\t\t<div class=\"elementor-widget-container\">\n\t\t\t\t\t\t\t\n\t\t\n\t\t\t\t\t\t\t\n\t\t\t<h4 class=\"section-title black text-left\">9. Matomo (ehemals Piwik) Webanalyse<\/h4>\t\t\t\t\n\t\t\t\n        \n\t\t\t\n        \t\t\t\t<\/div>\n\t\t\t\t<\/div>\n\t\t\t\t<div class=\"elementor-element elementor-element-914c04a elementor-widget elementor-widget-patara-text\" data-id=\"914c04a\" data-element_type=\"widget\" data-e-type=\"widget\" data-widget_type=\"patara-text.default\">\n\t\t\t\t<div class=\"elementor-widget-container\">\n\t\t\t\t\t\t\t\n\t\t<div class=\"section-text text-left black\"><p class=\"text-align-justify\">Unsere Website verwendet Funktionen der Open-Source-Webanwendung Matomo (ehemals Piwik). Mit Hilfe von Matomo werden Interaktionen von Besuchern einer Website insbesondere mit Hilfe von Cookies erfasst, welche eine Analyse der Benutzung der Website durch ihre Besucher m\u00f6glich macht. Um dies zu verhindern, k\u00f6nnen Sie die Verwendung von Cookies auf Ihrem Endger\u00e4t deaktivieren.\u00a0<\/p><p class=\"text-align-justify\">Da wir Ihre Daten bestm\u00f6glich sch\u00fctzen m\u00f6chten, werden Ihre Nutzerdaten (insbesondere Ihre IP-Adresse) pseudonymisiert.<\/p><p class=\"text-align-justify\"><span class=\"\">Weitere Informationen zu Matomo finden Sie unter\u00a0<\/span><a href=\"http:\/\/www.matomo.org\/\" target=\"_blank\" rel=\"noopener\">www.matomo.org<\/a><span class=\"\">.\u00a0 \u00a0<\/span><\/p><p class=\"text-align-justify\"><span class=\"\">Die Datenverarbeitung erfolgt zum Zwecke und im berechtigten Interesse der Verbesserung unserer Dienstleistungen und unserer Website, und zwar auf Rechtsgrundlage des Art. 6 Abs 1 lit f) DSGVO.<\/span><\/p><\/div>\n\t\t\n\t\t\t\n        \t\t\t\t<\/div>\n\t\t\t\t<\/div>\n\t\t\t\t<\/div>\n\t\t\t\t\t<\/div>\n\t\t\t\t<\/div>\n\t\t\t\t<\/div>\n\t\t","protected":false},"excerpt":{"rendered":"<p>Rechtliche Hinweise Datenschutzerkl\u00e4rung Familienhotel Trebesingerhof Wassermann Touristik GmbH Bad 1, A 9852 Trebesing(K\u00e4rnten\/\u00d6sterreich)Tel.:\u00a0+43 4732 2350E-Mail:\u00a0info@trebesingerhof.at Datenschutzerkl\u00e4rung Wir bedanken uns f\u00fcr das Vertrauen das Sie uns entgegenbringen und sind uns der Verantwortung, Ihre Daten bestm\u00f6glich zu sch\u00fctzen, bewusst. Wir m\u00f6chten Sie daher dar\u00fcber informieren, welche Daten von uns erfasst werden, wenn Sie unsere Produkte und Dienstleis-tungen in Anspruch nehmen. Wir verarbeiten<\/p>\n","protected":false},"author":1,"featured_media":0,"parent":0,"menu_order":0,"comment_status":"closed","ping_status":"closed","template":"elementor_header_footer","meta":{"footnotes":"","_links_to":"","_links_to_target":""},"class_list":["post-2572","page","type-page","status-publish","hentry"],"aioseo_notices":[],"meta_box":[],"_links":{"self":[{"href":"https:\/\/familienhotelkaernten.at\/index.php\/wp-json\/wp\/v2\/pages\/2572","targetHints":{"allow":["GET"]}}],"collection":[{"href":"https:\/\/familienhotelkaernten.at\/index.php\/wp-json\/wp\/v2\/pages"}],"about":[{"href":"https:\/\/familienhotelkaernten.at\/index.php\/wp-json\/wp\/v2\/types\/page"}],"author":[{"embeddable":true,"href":"https:\/\/familienhotelkaernten.at\/index.php\/wp-json\/wp\/v2\/users\/1"}],"replies":[{"embeddable":true,"href":"https:\/\/familienhotelkaernten.at\/index.php\/wp-json\/wp\/v2\/comments?post=2572"}],"version-history":[{"count":58,"href":"https:\/\/familienhotelkaernten.at\/index.php\/wp-json\/wp\/v2\/pages\/2572\/revisions"}],"predecessor-version":[{"id":5560,"href":"https:\/\/familienhotelkaernten.at\/index.php\/wp-json\/wp\/v2\/pages\/2572\/revisions\/5560"}],"wp:attachment":[{"href":"https:\/\/familienhotelkaernten.at\/index.php\/wp-json\/wp\/v2\/media?parent=2572"}],"curies":[{"name":"wp","href":"https:\/\/api.w.org\/{rel}","templated":true}]}}